{"id":195,"date":"2023-06-25T11:38:34","date_gmt":"2023-06-25T11:38:34","guid":{"rendered":"https:\/\/pesg.pt\/?page_id=195"},"modified":"2024-05-17T22:04:41","modified_gmt":"2024-05-17T22:04:41","slug":"seguros","status":"publish","type":"page","link":"https:\/\/pesg.pt\/en\/seguros\/","title":{"rendered":"Insurance"},"content":{"rendered":"\t\t<div data-elementor-type=\"wp-page\" data-elementor-id=\"195\" class=\"elementor elementor-195\" data-elementor-post-type=\"page\">\n\t\t\t\t\t\t<section class=\"elementor-section elementor-top-section elementor-element elementor-element-a9d3027 elementor-section-full_width elementor-section-height-default elementor-section-height-default\" data-id=\"a9d3027\" data-element_type=\"section\" data-e-type=\"section\">\n\t\t\t\t\t\t<div class=\"elementor-container elementor-column-gap-default\">\n\t\t\t\t\t<div class=\"elementor-column elementor-col-100 elementor-top-column elementor-element elementor-element-7acbcc3\" data-id=\"7acbcc3\" data-element_type=\"column\" data-e-type=\"column\">\n\t\t\t<div class=\"elementor-widget-wrap elementor-element-populated\">\n\t\t\t\t\t\t<div class=\"elementor-element elementor-element-66f1703 elementor-mobile-align-center elementor-widget__width-auto elementor-widget elementor-widget-button\" data-id=\"66f1703\" data-element_type=\"widget\" data-e-type=\"widget\" data-widget_type=\"button.default\">\n\t\t\t\t<div class=\"elementor-widget-container\">\n\t\t\t\t\t\t\t\t\t<div class=\"elementor-button-wrapper\">\n\t\t\t\t\t<a class=\"elementor-button elementor-button-link elementor-size-sm\" href=\"#particulares\">\n\t\t\t\t\t\t<span class=\"elementor-button-content-wrapper\">\n\t\t\t\t\t\t\t\t\t<span class=\"elementor-button-text\">Seguros para Particulares<\/span>\n\t\t\t\t\t<\/span>\n\t\t\t\t\t<\/a>\n\t\t\t\t<\/div>\n\t\t\t\t\t\t\t\t<\/div>\n\t\t\t\t<\/div>\n\t\t\t\t<div class=\"elementor-element elementor-element-e9b9094 elementor-mobile-align-center elementor-widget__width-auto elementor-widget elementor-widget-button\" data-id=\"e9b9094\" data-element_type=\"widget\" data-e-type=\"widget\" data-widget_type=\"button.default\">\n\t\t\t\t<div class=\"elementor-widget-container\">\n\t\t\t\t\t\t\t\t\t<div class=\"elementor-button-wrapper\">\n\t\t\t\t\t<a class=\"elementor-button elementor-button-link elementor-size-sm\" href=\"#empresas\">\n\t\t\t\t\t\t<span class=\"elementor-button-content-wrapper\">\n\t\t\t\t\t\t\t\t\t<span class=\"elementor-button-text\">Seguros para Empresas<\/span>\n\t\t\t\t\t<\/span>\n\t\t\t\t\t<\/a>\n\t\t\t\t<\/div>\n\t\t\t\t\t\t\t\t<\/div>\n\t\t\t\t<\/div>\n\t\t\t\t\t<\/div>\n\t\t<\/div>\n\t\t\t\t\t<\/div>\n\t\t<\/section>\n\t\t\t\t<section class=\"elementor-section elementor-top-section elementor-element elementor-element-51fa89d0 elementor-section-height-min-height elementor-section-items-stretch elementor-section-content-middle elementor-section-full_width elementor-reverse-tablet elementor-reverse-mobile elementor-section-height-default\" data-id=\"51fa89d0\" data-element_type=\"section\" data-e-type=\"section\" data-settings=\"{&quot;background_background&quot;:&quot;classic&quot;}\">\n\t\t\t\t\t\t<div class=\"elementor-container elementor-column-gap-no\">\n\t\t\t\t\t<div class=\"elementor-column elementor-col-50 elementor-top-column elementor-element elementor-element-20f638c5\" data-id=\"20f638c5\" data-element_type=\"column\" data-e-type=\"column\">\n\t\t\t<div class=\"elementor-widget-wrap elementor-element-populated\">\n\t\t\t\t\t\t<div class=\"elementor-element elementor-element-49f266e2 elementor-widget elementor-widget-heading\" data-id=\"49f266e2\" data-element_type=\"widget\" data-e-type=\"widget\" data-widget_type=\"heading.default\">\n\t\t\t\t<div class=\"elementor-widget-container\">\n\t\t\t\t\t<h1 class=\"elementor-heading-title elementor-size-default\">Seguros<\/h1>\t\t\t\t<\/div>\n\t\t\t\t<\/div>\n\t\t\t\t<div class=\"elementor-element elementor-element-7917627c elementor-widget elementor-widget-text-editor\" data-id=\"7917627c\" data-element_type=\"widget\" data-e-type=\"widget\" data-widget_type=\"text-editor.default\">\n\t\t\t\t<div class=\"elementor-widget-container\">\n\t\t\t\t\t\t\t\t\t<p>Bem-vindo \u00e0 nossa p\u00e1gina de seguros, onde proteger o que \u00e9 mais importante para si \u00e9 a nossa prioridade. No mundo imprevis\u00edvel em que vivemos, ter o seguro adequado \u00e9 essencial para garantir a seguran\u00e7a e tranquilidade da sua vida e do seu patrim\u00f3nio. Com anos de experi\u00eancia no setor, oferecemos solu\u00e7\u00f5es personalizadas e confi\u00e1veis que atendem \u00e0s suas necessidades espec\u00edficas.<\/p><p>Os nossos especialistas em seguros est\u00e3o aqui para ajudar a encontrar a melhor cobertura, protegendo os seus ve\u00edculos, a sua casa, a sua sa\u00fade e o futuro da sua fam\u00edlia. Com uma ampla gama de op\u00e7\u00f5es de seguros dispon\u00edveis, trabalhamos em estreita colabora\u00e7\u00e3o consigo para entender os seus objetivos e fornecer as melhores solu\u00e7\u00f5es para mitigar riscos e oferecer a prote\u00e7\u00e3o adequada!<\/p>\t\t\t\t\t\t\t\t<\/div>\n\t\t\t\t<\/div>\n\t\t\t\t<div class=\"elementor-element elementor-element-2a19f7aa elementor-mobile-align-center elementor-widget elementor-widget-button\" data-id=\"2a19f7aa\" data-element_type=\"widget\" data-e-type=\"widget\" data-widget_type=\"button.default\">\n\t\t\t\t<div class=\"elementor-widget-container\">\n\t\t\t\t\t\t\t\t\t<div class=\"elementor-button-wrapper\">\n\t\t\t\t\t<a class=\"elementor-button elementor-button-link elementor-size-sm\" href=\"#form-seguros\">\n\t\t\t\t\t\t<span class=\"elementor-button-content-wrapper\">\n\t\t\t\t\t\t\t\t\t<span class=\"elementor-button-text\">Contacte-nos<\/span>\n\t\t\t\t\t<\/span>\n\t\t\t\t\t<\/a>\n\t\t\t\t<\/div>\n\t\t\t\t\t\t\t\t<\/div>\n\t\t\t\t<\/div>\n\t\t\t\t\t<\/div>\n\t\t<\/div>\n\t\t\t\t<div class=\"elementor-column elementor-col-50 elementor-top-column elementor-element elementor-element-5b04ac66\" data-id=\"5b04ac66\" data-element_type=\"column\" data-e-type=\"column\">\n\t\t\t<div class=\"elementor-widget-wrap elementor-element-populated\">\n\t\t\t\t\t\t<div class=\"elementor-element elementor-element-54455103 elementor-widget elementor-widget-image\" data-id=\"54455103\" data-element_type=\"widget\" data-e-type=\"widget\" data-widget_type=\"image.default\">\n\t\t\t\t<div class=\"elementor-widget-container\">\n\t\t\t\t\t\t\t\t\t\t\t\t\t\t\t<img fetchpriority=\"high\" decoding=\"async\" width=\"1024\" height=\"576\" src=\"https:\/\/pesg.pt\/wp-content\/uploads\/2023\/06\/slide-seguros-pesg-1024x576.jpeg\" class=\"attachment-large size-large wp-image-420\" alt=\"slide-seguros-pesg\" srcset=\"https:\/\/pesg.pt\/wp-content\/uploads\/2023\/06\/slide-seguros-pesg-1024x576.jpeg 1024w, https:\/\/pesg.pt\/wp-content\/uploads\/2023\/06\/slide-seguros-pesg-300x169.jpeg 300w, https:\/\/pesg.pt\/wp-content\/uploads\/2023\/06\/slide-seguros-pesg-768x432.jpeg 768w, https:\/\/pesg.pt\/wp-content\/uploads\/2023\/06\/slide-seguros-pesg-1536x864.jpeg 1536w, https:\/\/pesg.pt\/wp-content\/uploads\/2023\/06\/slide-seguros-pesg-800x450.jpeg 800w, https:\/\/pesg.pt\/wp-content\/uploads\/2023\/06\/slide-seguros-pesg.jpeg 1920w\" sizes=\"(max-width: 1024px) 100vw, 1024px\" \/>\t\t\t\t\t\t\t\t\t\t\t\t\t\t\t<\/div>\n\t\t\t\t<\/div>\n\t\t\t\t\t<\/div>\n\t\t<\/div>\n\t\t\t\t\t<\/div>\n\t\t<\/section>\n\t\t\t\t<section class=\"elementor-section elementor-top-section elementor-element elementor-element-d2e3025 elementor-section-full_width elementor-section-content-middle elementor-reverse-tablet elementor-reverse-mobile elementor-section-height-default elementor-section-height-default\" data-id=\"d2e3025\" data-element_type=\"section\" data-e-type=\"section\">\n\t\t\t\t\t\t<div class=\"elementor-container elementor-column-gap-no\">\n\t\t\t\t\t<div class=\"elementor-column elementor-col-50 elementor-top-column elementor-element elementor-element-7ce6a259\" data-id=\"7ce6a259\" data-element_type=\"column\" data-e-type=\"column\">\n\t\t\t<div class=\"elementor-widget-wrap elementor-element-populated\">\n\t\t\t\t\t\t<div class=\"elementor-element elementor-element-66245c elementor-widget elementor-widget-image\" data-id=\"66245c\" data-element_type=\"widget\" data-e-type=\"widget\" data-widget_type=\"image.default\">\n\t\t\t\t<div class=\"elementor-widget-container\">\n\t\t\t\t\t\t\t\t\t\t\t\t\t\t\t<img decoding=\"async\" width=\"1024\" height=\"1024\" src=\"https:\/\/pesg.pt\/wp-content\/uploads\/2023\/07\/seguros-pesg-002-1024x1024.jpeg\" class=\"attachment-large size-large wp-image-679\" alt=\"seguros-pesg-002\" srcset=\"https:\/\/pesg.pt\/wp-content\/uploads\/2023\/07\/seguros-pesg-002-1024x1024.jpeg 1024w, https:\/\/pesg.pt\/wp-content\/uploads\/2023\/07\/seguros-pesg-002-300x300.jpeg 300w, https:\/\/pesg.pt\/wp-content\/uploads\/2023\/07\/seguros-pesg-002-150x150.jpeg 150w, https:\/\/pesg.pt\/wp-content\/uploads\/2023\/07\/seguros-pesg-002-768x768.jpeg 768w, https:\/\/pesg.pt\/wp-content\/uploads\/2023\/07\/seguros-pesg-002-600x600.jpeg 600w, https:\/\/pesg.pt\/wp-content\/uploads\/2023\/07\/seguros-pesg-002.jpeg 1080w\" sizes=\"(max-width: 1024px) 100vw, 1024px\" \/>\t\t\t\t\t\t\t\t\t\t\t\t\t\t\t<\/div>\n\t\t\t\t<\/div>\n\t\t\t\t\t<\/div>\n\t\t<\/div>\n\t\t\t\t<div class=\"elementor-column elementor-col-50 elementor-top-column elementor-element elementor-element-36e7a51b\" data-id=\"36e7a51b\" data-element_type=\"column\" data-e-type=\"column\">\n\t\t\t<div class=\"elementor-widget-wrap elementor-element-populated\">\n\t\t\t\t\t\t<div class=\"elementor-element elementor-element-a41f603 elementor-widget elementor-widget-heading\" data-id=\"a41f603\" data-element_type=\"widget\" data-e-type=\"widget\" data-widget_type=\"heading.default\">\n\t\t\t\t<div class=\"elementor-widget-container\">\n\t\t\t\t\t<h3 class=\"elementor-heading-title elementor-size-default\">Porqu\u00ea fazer o seu seguro connosco?<\/h3>\t\t\t\t<\/div>\n\t\t\t\t<\/div>\n\t\t\t\t<div class=\"elementor-element elementor-element-4b946416 elementor-widget elementor-widget-text-editor\" data-id=\"4b946416\" data-element_type=\"widget\" data-e-type=\"widget\" data-widget_type=\"text-editor.default\">\n\t\t\t\t<div class=\"elementor-widget-container\">\n\t\t\t\t\t\t\t\t\t<p>Priorizamos o atendimento ao cliente e a transpar\u00eancia. Estamos comprometidos em simplificar o processo de subscri\u00e7\u00e3o de seguro, garantindo que tenha todas as informa\u00e7\u00f5es necess\u00e1rias para tomar decis\u00f5es informadas. Queremos ser o seu parceiro de confian\u00e7a em todas as etapas.<\/p><p>Explore a nossa p\u00e1gina para saber mais sobre os diferentes tipos de seguros que oferecemos, e descubra como a nossa equipa especializada pode ajudar, uma vez, termos v\u00e1rios clientes satisfeitos que confiaram em n\u00f3s para proteger o que mais importa nas suas vidas.<\/p><p>Entre em contato connosco e permita-nos oferecer-lhe a tranquilidade que voc\u00ea merece. Estamos prontos para ajudar a construir um futuro seguro, juntos!<\/p>\t\t\t\t\t\t\t\t<\/div>\n\t\t\t\t<\/div>\n\t\t\t\t\t<\/div>\n\t\t<\/div>\n\t\t\t\t\t<\/div>\n\t\t<\/section>\n\t\t\t\t<section class=\"elementor-section elementor-top-section elementor-element elementor-element-4707a728 elementor-section-full_width elementor-section-height-default elementor-section-height-default\" data-id=\"4707a728\" data-element_type=\"section\" data-e-type=\"section\" id=\"particulares\">\n\t\t\t\t\t\t<div class=\"elementor-container elementor-column-gap-no\">\n\t\t\t\t\t<div class=\"elementor-column elementor-col-100 elementor-top-column elementor-element elementor-element-5130eb59\" data-id=\"5130eb59\" data-element_type=\"column\" data-e-type=\"column\">\n\t\t\t<div class=\"elementor-widget-wrap elementor-element-populated\">\n\t\t\t\t\t\t<div class=\"elementor-element elementor-element-45eb6316 elementor-widget elementor-widget-heading\" data-id=\"45eb6316\" data-element_type=\"widget\" data-e-type=\"widget\" data-widget_type=\"heading.default\">\n\t\t\t\t<div class=\"elementor-widget-container\">\n\t\t\t\t\t<h3 class=\"elementor-heading-title elementor-size-default\">Seguros para Particulares<\/h3>\t\t\t\t<\/div>\n\t\t\t\t<\/div>\n\t\t\t\t<div class=\"elementor-element elementor-element-498e4edb elementor-widget elementor-widget-heading\" data-id=\"498e4edb\" data-element_type=\"widget\" data-e-type=\"widget\" data-widget_type=\"heading.default\">\n\t\t\t\t<div class=\"elementor-widget-container\">\n\t\t\t\t\t<p class=\"elementor-heading-title elementor-size-default\">Protegendo o seu presente, garantindo o seu futuro!<\/p>\t\t\t\t<\/div>\n\t\t\t\t<\/div>\n\t\t\t\t<section class=\"elementor-section elementor-inner-section elementor-element elementor-element-2600b147 elementor-section-full_width elementor-section-height-default elementor-section-height-default\" data-id=\"2600b147\" data-element_type=\"section\" data-e-type=\"section\">\n\t\t\t\t\t\t<div class=\"elementor-container elementor-column-gap-no\">\n\t\t\t\t\t<div class=\"elementor-column elementor-col-33 elementor-inner-column elementor-element elementor-element-5fe01cea\" data-id=\"5fe01cea\" data-element_type=\"column\" data-e-type=\"column\">\n\t\t\t<div class=\"elementor-widget-wrap elementor-element-populated\">\n\t\t\t\t\t\t<div class=\"elementor-element elementor-element-38f69a1c elementor-position-top elementor-widget elementor-widget-image-box\" data-id=\"38f69a1c\" data-element_type=\"widget\" data-e-type=\"widget\" data-widget_type=\"image-box.default\">\n\t\t\t\t<div class=\"elementor-widget-container\">\n\t\t\t\t\t<div class=\"elementor-image-box-wrapper\"><figure class=\"elementor-image-box-img\"><a href=\"#\" tabindex=\"-1\"><img decoding=\"async\" width=\"800\" height=\"800\" src=\"https:\/\/pesg.pt\/wp-content\/uploads\/2023\/09\/seguro-automovel-particular-pesg.jpeg\" class=\"attachment-full size-full wp-image-1502\" alt=\"seguro-automovel-particular-pesg\" srcset=\"https:\/\/pesg.pt\/wp-content\/uploads\/2023\/09\/seguro-automovel-particular-pesg.jpeg 800w, https:\/\/pesg.pt\/wp-content\/uploads\/2023\/09\/seguro-automovel-particular-pesg-300x300.jpeg 300w, https:\/\/pesg.pt\/wp-content\/uploads\/2023\/09\/seguro-automovel-particular-pesg-150x150.jpeg 150w, https:\/\/pesg.pt\/wp-content\/uploads\/2023\/09\/seguro-automovel-particular-pesg-768x768.jpeg 768w, https:\/\/pesg.pt\/wp-content\/uploads\/2023\/09\/seguro-automovel-particular-pesg-600x600.jpeg 600w\" sizes=\"(max-width: 800px) 100vw, 800px\" \/><\/a><\/figure><div class=\"elementor-image-box-content\"><h4 class=\"elementor-image-box-title\"><a href=\"#\">Autom\u00f3vel<\/a><\/h4><p class=\"elementor-image-box-description\">O seguro autom\u00f3vel, oferece prote\u00e7\u00e3o e tranquilidade para os propriet\u00e1rios de ve\u00edculos.<\/p><\/div><\/div>\t\t\t\t<\/div>\n\t\t\t\t<\/div>\n\t\t\t\t<div class=\"elementor-element elementor-element-f2fb1b9 elementor-align-center elementor-mobile-align-center elementor-widget elementor-widget-button\" data-id=\"f2fb1b9\" data-element_type=\"widget\" data-e-type=\"widget\" data-widget_type=\"button.default\">\n\t\t\t\t<div class=\"elementor-widget-container\">\n\t\t\t\t\t\t\t\t\t<div class=\"elementor-button-wrapper\">\n\t\t\t\t\t<a class=\"elementor-button elementor-button-link elementor-size-sm\" href=\"https:\/\/pesg.pt\/seguros\/seguro-automovel-particular\/\">\n\t\t\t\t\t\t<span class=\"elementor-button-content-wrapper\">\n\t\t\t\t\t\t\t\t\t<span class=\"elementor-button-text\">Saber mais<\/span>\n\t\t\t\t\t<\/span>\n\t\t\t\t\t<\/a>\n\t\t\t\t<\/div>\n\t\t\t\t\t\t\t\t<\/div>\n\t\t\t\t<\/div>\n\t\t\t\t\t<\/div>\n\t\t<\/div>\n\t\t\t\t<div class=\"elementor-column elementor-col-33 elementor-inner-column elementor-element elementor-element-a828780\" data-id=\"a828780\" data-element_type=\"column\" data-e-type=\"column\">\n\t\t\t<div class=\"elementor-widget-wrap elementor-element-populated\">\n\t\t\t\t\t\t<div class=\"elementor-element elementor-element-f1fffcc elementor-position-top elementor-widget elementor-widget-image-box\" data-id=\"f1fffcc\" data-element_type=\"widget\" data-e-type=\"widget\" data-widget_type=\"image-box.default\">\n\t\t\t\t<div class=\"elementor-widget-container\">\n\t\t\t\t\t<div class=\"elementor-image-box-wrapper\"><figure class=\"elementor-image-box-img\"><a href=\"#\" tabindex=\"-1\"><img loading=\"lazy\" decoding=\"async\" width=\"800\" height=\"800\" src=\"https:\/\/pesg.pt\/wp-content\/uploads\/2023\/09\/seguro-saude-particular-pesg.jpeg\" class=\"attachment-full size-full wp-image-1464\" alt=\"seguro-saude-particular-pesg\" srcset=\"https:\/\/pesg.pt\/wp-content\/uploads\/2023\/09\/seguro-saude-particular-pesg.jpeg 800w, https:\/\/pesg.pt\/wp-content\/uploads\/2023\/09\/seguro-saude-particular-pesg-300x300.jpeg 300w, https:\/\/pesg.pt\/wp-content\/uploads\/2023\/09\/seguro-saude-particular-pesg-150x150.jpeg 150w, https:\/\/pesg.pt\/wp-content\/uploads\/2023\/09\/seguro-saude-particular-pesg-768x768.jpeg 768w, https:\/\/pesg.pt\/wp-content\/uploads\/2023\/09\/seguro-saude-particular-pesg-600x600.jpeg 600w\" sizes=\"(max-width: 800px) 100vw, 800px\" \/><\/a><\/figure><div class=\"elementor-image-box-content\"><h4 class=\"elementor-image-box-title\"><a href=\"#\">Sa\u00fade<\/a><\/h4><p class=\"elementor-image-box-description\">O seguro de sa\u00fade, \u00e9 fundamental para garantir acesso a cuidados m\u00e9dicos de qualidade.<\/p><\/div><\/div>\t\t\t\t<\/div>\n\t\t\t\t<\/div>\n\t\t\t\t<div class=\"elementor-element elementor-element-1007729 elementor-align-center elementor-mobile-align-center elementor-widget elementor-widget-button\" data-id=\"1007729\" data-element_type=\"widget\" data-e-type=\"widget\" data-widget_type=\"button.default\">\n\t\t\t\t<div class=\"elementor-widget-container\">\n\t\t\t\t\t\t\t\t\t<div class=\"elementor-button-wrapper\">\n\t\t\t\t\t<a class=\"elementor-button elementor-button-link elementor-size-sm\" href=\"https:\/\/pesg.pt\/seguros\/seguro-saude-particular\/\">\n\t\t\t\t\t\t<span class=\"elementor-button-content-wrapper\">\n\t\t\t\t\t\t\t\t\t<span class=\"elementor-button-text\">Saber mais<\/span>\n\t\t\t\t\t<\/span>\n\t\t\t\t\t<\/a>\n\t\t\t\t<\/div>\n\t\t\t\t\t\t\t\t<\/div>\n\t\t\t\t<\/div>\n\t\t\t\t\t<\/div>\n\t\t<\/div>\n\t\t\t\t<div class=\"elementor-column elementor-col-33 elementor-inner-column elementor-element elementor-element-6da50585\" data-id=\"6da50585\" data-element_type=\"column\" data-e-type=\"column\">\n\t\t\t<div class=\"elementor-widget-wrap elementor-element-populated\">\n\t\t\t\t\t\t<div class=\"elementor-element elementor-element-59bdebdb elementor-position-top elementor-widget elementor-widget-image-box\" data-id=\"59bdebdb\" data-element_type=\"widget\" data-e-type=\"widget\" data-widget_type=\"image-box.default\">\n\t\t\t\t<div class=\"elementor-widget-container\">\n\t\t\t\t\t<div class=\"elementor-image-box-wrapper\"><figure class=\"elementor-image-box-img\"><a href=\"#\" tabindex=\"-1\"><img loading=\"lazy\" decoding=\"async\" width=\"800\" height=\"800\" src=\"https:\/\/pesg.pt\/wp-content\/uploads\/2023\/09\/seguro-habitacao-particular-pesg.jpeg\" class=\"attachment-full size-full wp-image-1460\" alt=\"seguro-habitacao-particular-pesg\" srcset=\"https:\/\/pesg.pt\/wp-content\/uploads\/2023\/09\/seguro-habitacao-particular-pesg.jpeg 800w, https:\/\/pesg.pt\/wp-content\/uploads\/2023\/09\/seguro-habitacao-particular-pesg-300x300.jpeg 300w, https:\/\/pesg.pt\/wp-content\/uploads\/2023\/09\/seguro-habitacao-particular-pesg-150x150.jpeg 150w, https:\/\/pesg.pt\/wp-content\/uploads\/2023\/09\/seguro-habitacao-particular-pesg-768x768.jpeg 768w, https:\/\/pesg.pt\/wp-content\/uploads\/2023\/09\/seguro-habitacao-particular-pesg-600x600.jpeg 600w\" sizes=\"(max-width: 800px) 100vw, 800px\" \/><\/a><\/figure><div class=\"elementor-image-box-content\"><h4 class=\"elementor-image-box-title\"><a href=\"#\">Habita\u00e7\u00e3o<\/a><\/h4><p class=\"elementor-image-box-description\">O seguro habita\u00e7\u00e3o, \u00e9 essencial para proteger a sua casa, recheio e tudo o que ela abriga.<\/p><\/div><\/div>\t\t\t\t<\/div>\n\t\t\t\t<\/div>\n\t\t\t\t<div class=\"elementor-element elementor-element-ae4886d elementor-align-center elementor-mobile-align-center elementor-widget elementor-widget-button\" data-id=\"ae4886d\" data-element_type=\"widget\" data-e-type=\"widget\" data-widget_type=\"button.default\">\n\t\t\t\t<div class=\"elementor-widget-container\">\n\t\t\t\t\t\t\t\t\t<div class=\"elementor-button-wrapper\">\n\t\t\t\t\t<a class=\"elementor-button elementor-button-link elementor-size-sm\" href=\"https:\/\/pesg.pt\/seguros\/seguro-habitacao-particular\/\">\n\t\t\t\t\t\t<span class=\"elementor-button-content-wrapper\">\n\t\t\t\t\t\t\t\t\t<span class=\"elementor-button-text\">Saber mais<\/span>\n\t\t\t\t\t<\/span>\n\t\t\t\t\t<\/a>\n\t\t\t\t<\/div>\n\t\t\t\t\t\t\t\t<\/div>\n\t\t\t\t<\/div>\n\t\t\t\t\t<\/div>\n\t\t<\/div>\n\t\t\t\t\t<\/div>\n\t\t<\/section>\n\t\t\t\t<section class=\"elementor-section elementor-inner-section elementor-element elementor-element-84a8b25 elementor-section-full_width elementor-section-height-default elementor-section-height-default\" data-id=\"84a8b25\" data-element_type=\"section\" data-e-type=\"section\">\n\t\t\t\t\t\t<div class=\"elementor-container elementor-column-gap-no\">\n\t\t\t\t\t<div class=\"elementor-column elementor-col-33 elementor-inner-column elementor-element elementor-element-0527eb6\" data-id=\"0527eb6\" data-element_type=\"column\" data-e-type=\"column\">\n\t\t\t<div class=\"elementor-widget-wrap elementor-element-populated\">\n\t\t\t\t\t\t<div class=\"elementor-element elementor-element-132506d elementor-position-top elementor-widget elementor-widget-image-box\" data-id=\"132506d\" data-element_type=\"widget\" data-e-type=\"widget\" data-widget_type=\"image-box.default\">\n\t\t\t\t<div class=\"elementor-widget-container\">\n\t\t\t\t\t<div class=\"elementor-image-box-wrapper\"><figure class=\"elementor-image-box-img\"><a href=\"#\" tabindex=\"-1\"><img loading=\"lazy\" decoding=\"async\" width=\"800\" height=\"800\" src=\"https:\/\/pesg.pt\/wp-content\/uploads\/2023\/09\/seguro-vida-particular-pesg.jpeg\" class=\"attachment-full size-full wp-image-1468\" alt=\"seguro-vida-particular-pesg\" srcset=\"https:\/\/pesg.pt\/wp-content\/uploads\/2023\/09\/seguro-vida-particular-pesg.jpeg 800w, https:\/\/pesg.pt\/wp-content\/uploads\/2023\/09\/seguro-vida-particular-pesg-300x300.jpeg 300w, https:\/\/pesg.pt\/wp-content\/uploads\/2023\/09\/seguro-vida-particular-pesg-150x150.jpeg 150w, https:\/\/pesg.pt\/wp-content\/uploads\/2023\/09\/seguro-vida-particular-pesg-768x768.jpeg 768w, https:\/\/pesg.pt\/wp-content\/uploads\/2023\/09\/seguro-vida-particular-pesg-600x600.jpeg 600w\" sizes=\"(max-width: 800px) 100vw, 800px\" \/><\/a><\/figure><div class=\"elementor-image-box-content\"><h4 class=\"elementor-image-box-title\"><a href=\"#\">Vida<\/a><\/h4><p class=\"elementor-image-box-description\">O seguro de vida, \u00e9 uma prote\u00e7\u00e3o fundamental para garantir o bem-estar financeiro e a tranquilidade dos indiv\u00edduos e das suas fam\u00edlias. <\/p><\/div><\/div>\t\t\t\t<\/div>\n\t\t\t\t<\/div>\n\t\t\t\t<div class=\"elementor-element elementor-element-3efd9e5 elementor-align-center elementor-mobile-align-center elementor-widget elementor-widget-button\" data-id=\"3efd9e5\" data-element_type=\"widget\" data-e-type=\"widget\" data-widget_type=\"button.default\">\n\t\t\t\t<div class=\"elementor-widget-container\">\n\t\t\t\t\t\t\t\t\t<div class=\"elementor-button-wrapper\">\n\t\t\t\t\t<a class=\"elementor-button elementor-button-link elementor-size-sm\" href=\"https:\/\/pesg.pt\/seguros\/seguro-vida-particular\/\">\n\t\t\t\t\t\t<span class=\"elementor-button-content-wrapper\">\n\t\t\t\t\t\t\t\t\t<span class=\"elementor-button-text\">Saber mais<\/span>\n\t\t\t\t\t<\/span>\n\t\t\t\t\t<\/a>\n\t\t\t\t<\/div>\n\t\t\t\t\t\t\t\t<\/div>\n\t\t\t\t<\/div>\n\t\t\t\t\t<\/div>\n\t\t<\/div>\n\t\t\t\t<div class=\"elementor-column elementor-col-33 elementor-inner-column elementor-element elementor-element-8bf356d\" data-id=\"8bf356d\" data-element_type=\"column\" data-e-type=\"column\">\n\t\t\t<div class=\"elementor-widget-wrap elementor-element-populated\">\n\t\t\t\t\t\t<div class=\"elementor-element elementor-element-c84b949 elementor-position-top elementor-widget elementor-widget-image-box\" data-id=\"c84b949\" data-element_type=\"widget\" data-e-type=\"widget\" data-widget_type=\"image-box.default\">\n\t\t\t\t<div class=\"elementor-widget-container\">\n\t\t\t\t\t<div class=\"elementor-image-box-wrapper\"><figure class=\"elementor-image-box-img\"><a href=\"#\" tabindex=\"-1\"><img loading=\"lazy\" decoding=\"async\" width=\"800\" height=\"800\" src=\"https:\/\/pesg.pt\/wp-content\/uploads\/2023\/09\/seguros-animais-de-estimacao-pesg.jpeg\" class=\"attachment-full size-full wp-image-1452\" alt=\"seguros-animais-de-estimacao-pesg\" srcset=\"https:\/\/pesg.pt\/wp-content\/uploads\/2023\/09\/seguros-animais-de-estimacao-pesg.jpeg 800w, https:\/\/pesg.pt\/wp-content\/uploads\/2023\/09\/seguros-animais-de-estimacao-pesg-300x300.jpeg 300w, https:\/\/pesg.pt\/wp-content\/uploads\/2023\/09\/seguros-animais-de-estimacao-pesg-150x150.jpeg 150w, https:\/\/pesg.pt\/wp-content\/uploads\/2023\/09\/seguros-animais-de-estimacao-pesg-768x768.jpeg 768w, https:\/\/pesg.pt\/wp-content\/uploads\/2023\/09\/seguros-animais-de-estimacao-pesg-600x600.jpeg 600w\" sizes=\"(max-width: 800px) 100vw, 800px\" \/><\/a><\/figure><div class=\"elementor-image-box-content\"><h4 class=\"elementor-image-box-title\"><a href=\"#\">Animais de Estima\u00e7\u00e3o<\/a><\/h4><p class=\"elementor-image-box-description\"><span style=\"font-family: Poppins, sans-serif;font-size: 16px;font-style: normal;font-weight: 300\">O seguro de animais de estima\u00e7\u00e3o, oferece prote\u00e7\u00e3o e cuidados de v\u00e1rios tipos para o seu companheiro de quatro patas.<\/span><\/p><\/div><\/div>\t\t\t\t<\/div>\n\t\t\t\t<\/div>\n\t\t\t\t<div class=\"elementor-element elementor-element-791cea7 elementor-align-center elementor-mobile-align-center elementor-widget elementor-widget-button\" data-id=\"791cea7\" data-element_type=\"widget\" data-e-type=\"widget\" data-widget_type=\"button.default\">\n\t\t\t\t<div class=\"elementor-widget-container\">\n\t\t\t\t\t\t\t\t\t<div class=\"elementor-button-wrapper\">\n\t\t\t\t\t<a class=\"elementor-button elementor-button-link elementor-size-sm\" href=\"https:\/\/pesg.pt\/seguros\/seguro-animais-de-estimacao-particular\/\">\n\t\t\t\t\t\t<span class=\"elementor-button-content-wrapper\">\n\t\t\t\t\t\t\t\t\t<span class=\"elementor-button-text\">Saber mais<\/span>\n\t\t\t\t\t<\/span>\n\t\t\t\t\t<\/a>\n\t\t\t\t<\/div>\n\t\t\t\t\t\t\t\t<\/div>\n\t\t\t\t<\/div>\n\t\t\t\t\t<\/div>\n\t\t<\/div>\n\t\t\t\t<div class=\"elementor-column elementor-col-33 elementor-inner-column elementor-element elementor-element-05dc027\" data-id=\"05dc027\" data-element_type=\"column\" data-e-type=\"column\">\n\t\t\t<div class=\"elementor-widget-wrap elementor-element-populated\">\n\t\t\t\t\t\t<div class=\"elementor-element elementor-element-05d51de elementor-position-top elementor-widget elementor-widget-image-box\" data-id=\"05d51de\" data-element_type=\"widget\" data-e-type=\"widget\" data-widget_type=\"image-box.default\">\n\t\t\t\t<div class=\"elementor-widget-container\">\n\t\t\t\t\t<div class=\"elementor-image-box-wrapper\"><figure class=\"elementor-image-box-img\"><a href=\"#\" tabindex=\"-1\"><img loading=\"lazy\" decoding=\"async\" width=\"800\" height=\"800\" src=\"https:\/\/pesg.pt\/wp-content\/uploads\/2023\/09\/plano-poupanca-reforma-particular-pesg.jpeg\" class=\"attachment-full size-full wp-image-1472\" alt=\"plano-poupanca-reforma-particular-pesg\" srcset=\"https:\/\/pesg.pt\/wp-content\/uploads\/2023\/09\/plano-poupanca-reforma-particular-pesg.jpeg 800w, https:\/\/pesg.pt\/wp-content\/uploads\/2023\/09\/plano-poupanca-reforma-particular-pesg-300x300.jpeg 300w, https:\/\/pesg.pt\/wp-content\/uploads\/2023\/09\/plano-poupanca-reforma-particular-pesg-150x150.jpeg 150w, https:\/\/pesg.pt\/wp-content\/uploads\/2023\/09\/plano-poupanca-reforma-particular-pesg-768x768.jpeg 768w, https:\/\/pesg.pt\/wp-content\/uploads\/2023\/09\/plano-poupanca-reforma-particular-pesg-600x600.jpeg 600w\" sizes=\"(max-width: 800px) 100vw, 800px\" \/><\/a><\/figure><div class=\"elementor-image-box-content\"><h4 class=\"elementor-image-box-title\"><a href=\"#\">Plano de Poupan\u00e7a e Reforma<\/a><\/h4><p class=\"elementor-image-box-description\">\nO plano de poupan\u00e7a reforma, \u00e9 uma solu\u00e7\u00e3o inteligente para garantir um futuro financeiramente est\u00e1vel durante a sua reforma.<\/p><\/div><\/div>\t\t\t\t<\/div>\n\t\t\t\t<\/div>\n\t\t\t\t<div class=\"elementor-element elementor-element-a1148b4 elementor-align-center elementor-mobile-align-center elementor-widget elementor-widget-button\" data-id=\"a1148b4\" data-element_type=\"widget\" data-e-type=\"widget\" data-widget_type=\"button.default\">\n\t\t\t\t<div class=\"elementor-widget-container\">\n\t\t\t\t\t\t\t\t\t<div class=\"elementor-button-wrapper\">\n\t\t\t\t\t<a class=\"elementor-button elementor-button-link elementor-size-sm\" href=\"https:\/\/pesg.pt\/seguros\/plano-poupanca-e-reforma-particular\/\">\n\t\t\t\t\t\t<span class=\"elementor-button-content-wrapper\">\n\t\t\t\t\t\t\t\t\t<span class=\"elementor-button-text\">Saber mais<\/span>\n\t\t\t\t\t<\/span>\n\t\t\t\t\t<\/a>\n\t\t\t\t<\/div>\n\t\t\t\t\t\t\t\t<\/div>\n\t\t\t\t<\/div>\n\t\t\t\t\t<\/div>\n\t\t<\/div>\n\t\t\t\t\t<\/div>\n\t\t<\/section>\n\t\t\t\t<section class=\"elementor-section elementor-inner-section elementor-element elementor-element-e81c30d elementor-section-full_width elementor-section-height-default elementor-section-height-default\" data-id=\"e81c30d\" data-element_type=\"section\" data-e-type=\"section\">\n\t\t\t\t\t\t<div class=\"elementor-container elementor-column-gap-no\">\n\t\t\t\t\t<div class=\"elementor-column elementor-col-33 elementor-inner-column elementor-element elementor-element-0f55123\" data-id=\"0f55123\" data-element_type=\"column\" data-e-type=\"column\">\n\t\t\t<div class=\"elementor-widget-wrap elementor-element-populated\">\n\t\t\t\t\t\t<div class=\"elementor-element elementor-element-7824c53 elementor-position-top elementor-widget elementor-widget-image-box\" data-id=\"7824c53\" data-element_type=\"widget\" data-e-type=\"widget\" data-widget_type=\"image-box.default\">\n\t\t\t\t<div class=\"elementor-widget-container\">\n\t\t\t\t\t<div class=\"elementor-image-box-wrapper\"><figure class=\"elementor-image-box-img\"><a href=\"#\" tabindex=\"-1\"><img loading=\"lazy\" decoding=\"async\" width=\"800\" height=\"800\" src=\"https:\/\/pesg.pt\/wp-content\/uploads\/2023\/09\/seguro-acidentes-de-trabalho-pesg.jpeg\" class=\"attachment-full size-full wp-image-1476\" alt=\"seguro-acidentes-de-trabalho-pesg\" srcset=\"https:\/\/pesg.pt\/wp-content\/uploads\/2023\/09\/seguro-acidentes-de-trabalho-pesg.jpeg 800w, https:\/\/pesg.pt\/wp-content\/uploads\/2023\/09\/seguro-acidentes-de-trabalho-pesg-300x300.jpeg 300w, https:\/\/pesg.pt\/wp-content\/uploads\/2023\/09\/seguro-acidentes-de-trabalho-pesg-150x150.jpeg 150w, https:\/\/pesg.pt\/wp-content\/uploads\/2023\/09\/seguro-acidentes-de-trabalho-pesg-768x768.jpeg 768w, https:\/\/pesg.pt\/wp-content\/uploads\/2023\/09\/seguro-acidentes-de-trabalho-pesg-600x600.jpeg 600w\" sizes=\"(max-width: 800px) 100vw, 800px\" \/><\/a><\/figure><div class=\"elementor-image-box-content\"><h4 class=\"elementor-image-box-title\"><a href=\"#\">Acidentes de Trabalho<\/a><\/h4><p class=\"elementor-image-box-description\">O seguro de acidentes de trabalho, \u00e9 uma prote\u00e7\u00e3o importante para garantir um amparo financeiro e uma assist\u00eancia em caso de acidentes ou les\u00f5es ocorridos durante o trabalho e no exerc\u00edcio de atividades profissionais.<\/p><\/div><\/div>\t\t\t\t<\/div>\n\t\t\t\t<\/div>\n\t\t\t\t<div class=\"elementor-element elementor-element-30d1b28 elementor-align-center elementor-mobile-align-center elementor-widget elementor-widget-button\" data-id=\"30d1b28\" data-element_type=\"widget\" data-e-type=\"widget\" data-widget_type=\"button.default\">\n\t\t\t\t<div class=\"elementor-widget-container\">\n\t\t\t\t\t\t\t\t\t<div class=\"elementor-button-wrapper\">\n\t\t\t\t\t<a class=\"elementor-button elementor-button-link elementor-size-sm\" href=\"https:\/\/pesg.pt\/seguros\/seguro-acidentes-de-trabalho-particular\/\">\n\t\t\t\t\t\t<span class=\"elementor-button-content-wrapper\">\n\t\t\t\t\t\t\t\t\t<span class=\"elementor-button-text\">Saber mais<\/span>\n\t\t\t\t\t<\/span>\n\t\t\t\t\t<\/a>\n\t\t\t\t<\/div>\n\t\t\t\t\t\t\t\t<\/div>\n\t\t\t\t<\/div>\n\t\t\t\t\t<\/div>\n\t\t<\/div>\n\t\t\t\t<div class=\"elementor-column elementor-col-33 elementor-inner-column elementor-element elementor-element-49d29e0\" data-id=\"49d29e0\" data-element_type=\"column\" data-e-type=\"column\">\n\t\t\t<div class=\"elementor-widget-wrap elementor-element-populated\">\n\t\t\t\t\t\t<div class=\"elementor-element elementor-element-bb45578 elementor-position-top elementor-widget elementor-widget-image-box\" data-id=\"bb45578\" data-element_type=\"widget\" data-e-type=\"widget\" data-widget_type=\"image-box.default\">\n\t\t\t\t<div class=\"elementor-widget-container\">\n\t\t\t\t\t<div class=\"elementor-image-box-wrapper\"><figure class=\"elementor-image-box-img\"><a href=\"#\" tabindex=\"-1\"><img loading=\"lazy\" decoding=\"async\" width=\"800\" height=\"800\" src=\"https:\/\/pesg.pt\/wp-content\/uploads\/2023\/09\/seguro-responsabilidade-civil-pesg.jpeg\" class=\"attachment-full size-full wp-image-1480\" alt=\"seguro-responsabilidade-civil-pesg\" srcset=\"https:\/\/pesg.pt\/wp-content\/uploads\/2023\/09\/seguro-responsabilidade-civil-pesg.jpeg 800w, https:\/\/pesg.pt\/wp-content\/uploads\/2023\/09\/seguro-responsabilidade-civil-pesg-300x300.jpeg 300w, https:\/\/pesg.pt\/wp-content\/uploads\/2023\/09\/seguro-responsabilidade-civil-pesg-150x150.jpeg 150w, https:\/\/pesg.pt\/wp-content\/uploads\/2023\/09\/seguro-responsabilidade-civil-pesg-768x768.jpeg 768w, https:\/\/pesg.pt\/wp-content\/uploads\/2023\/09\/seguro-responsabilidade-civil-pesg-600x600.jpeg 600w\" sizes=\"(max-width: 800px) 100vw, 800px\" \/><\/a><\/figure><div class=\"elementor-image-box-content\"><h4 class=\"elementor-image-box-title\"><a href=\"#\">Responsabilidade Civil<\/a><\/h4><p class=\"elementor-image-box-description\">O seguro de responsabilidade civil, \u00e9 uma prote\u00e7\u00e3o essencial para garantir algum apoio financeiro em caso de danos causados a terceiros. Ele oferece cobertura para situa\u00e7\u00f5es em que voc\u00ea \u00e9 considerado legalmente respons\u00e1vel por causar danos materiais, corporais ou financeiros a outra pessoa.\n<\/p><\/div><\/div>\t\t\t\t<\/div>\n\t\t\t\t<\/div>\n\t\t\t\t<div class=\"elementor-element elementor-element-ade728b elementor-align-center elementor-mobile-align-center elementor-widget elementor-widget-button\" data-id=\"ade728b\" data-element_type=\"widget\" data-e-type=\"widget\" data-widget_type=\"button.default\">\n\t\t\t\t<div class=\"elementor-widget-container\">\n\t\t\t\t\t\t\t\t\t<div class=\"elementor-button-wrapper\">\n\t\t\t\t\t<a class=\"elementor-button elementor-button-link elementor-size-sm\" href=\"https:\/\/pesg.pt\/seguros\/seguro-responsabilidade-civil-particular\/\">\n\t\t\t\t\t\t<span class=\"elementor-button-content-wrapper\">\n\t\t\t\t\t\t\t\t\t<span class=\"elementor-button-text\">Saber mais<\/span>\n\t\t\t\t\t<\/span>\n\t\t\t\t\t<\/a>\n\t\t\t\t<\/div>\n\t\t\t\t\t\t\t\t<\/div>\n\t\t\t\t<\/div>\n\t\t\t\t\t<\/div>\n\t\t<\/div>\n\t\t\t\t<div class=\"elementor-column elementor-col-33 elementor-inner-column elementor-element elementor-element-5b3bde9\" data-id=\"5b3bde9\" data-element_type=\"column\" data-e-type=\"column\">\n\t\t\t<div class=\"elementor-widget-wrap elementor-element-populated\">\n\t\t\t\t\t\t<div class=\"elementor-element elementor-element-599e135 elementor-position-top elementor-widget elementor-widget-image-box\" data-id=\"599e135\" data-element_type=\"widget\" data-e-type=\"widget\" data-widget_type=\"image-box.default\">\n\t\t\t\t<div class=\"elementor-widget-container\">\n\t\t\t\t\t<div class=\"elementor-image-box-wrapper\"><figure class=\"elementor-image-box-img\"><a href=\"#\" tabindex=\"-1\"><img loading=\"lazy\" decoding=\"async\" width=\"800\" height=\"800\" src=\"https:\/\/pesg.pt\/wp-content\/uploads\/2023\/09\/seguro-condominio-particular-pesg.jpeg\" class=\"attachment-full size-full wp-image-1507\" alt=\"seguro-condominio-particular-pesg\" srcset=\"https:\/\/pesg.pt\/wp-content\/uploads\/2023\/09\/seguro-condominio-particular-pesg.jpeg 800w, https:\/\/pesg.pt\/wp-content\/uploads\/2023\/09\/seguro-condominio-particular-pesg-300x300.jpeg 300w, https:\/\/pesg.pt\/wp-content\/uploads\/2023\/09\/seguro-condominio-particular-pesg-150x150.jpeg 150w, https:\/\/pesg.pt\/wp-content\/uploads\/2023\/09\/seguro-condominio-particular-pesg-768x768.jpeg 768w, https:\/\/pesg.pt\/wp-content\/uploads\/2023\/09\/seguro-condominio-particular-pesg-600x600.jpeg 600w\" sizes=\"(max-width: 800px) 100vw, 800px\" \/><\/a><\/figure><div class=\"elementor-image-box-content\"><h4 class=\"elementor-image-box-title\"><a href=\"#\">Condom\u00ednio<\/a><\/h4><p class=\"elementor-image-box-description\">O seguro de condom\u00ednio, \u00e9 uma prote\u00e7\u00e3o essencial para garantir a seguran\u00e7a e o apoio financeiro do condom\u00ednio onde reside. Ele oferece uma cobertura abrangente para proteger o pr\u00e9dio, as \u00e1reas comuns e os bens do condom\u00ednio contra danos materiais, roubos, inc\u00eandios e outros imprevistos.\n<\/p><\/div><\/div>\t\t\t\t<\/div>\n\t\t\t\t<\/div>\n\t\t\t\t<div class=\"elementor-element elementor-element-3d42da7 elementor-align-center elementor-mobile-align-center elementor-widget elementor-widget-button\" data-id=\"3d42da7\" data-element_type=\"widget\" data-e-type=\"widget\" data-widget_type=\"button.default\">\n\t\t\t\t<div class=\"elementor-widget-container\">\n\t\t\t\t\t\t\t\t\t<div class=\"elementor-button-wrapper\">\n\t\t\t\t\t<a class=\"elementor-button elementor-button-link elementor-size-sm\" href=\"https:\/\/pesg.pt\/seguros\/seguro-de-condominio-particular\/\">\n\t\t\t\t\t\t<span class=\"elementor-button-content-wrapper\">\n\t\t\t\t\t\t\t\t\t<span class=\"elementor-button-text\">Saber mais<\/span>\n\t\t\t\t\t<\/span>\n\t\t\t\t\t<\/a>\n\t\t\t\t<\/div>\n\t\t\t\t\t\t\t\t<\/div>\n\t\t\t\t<\/div>\n\t\t\t\t\t<\/div>\n\t\t<\/div>\n\t\t\t\t\t<\/div>\n\t\t<\/section>\n\t\t\t\t<section class=\"elementor-section elementor-inner-section elementor-element elementor-element-233f27e elementor-section-full_width elementor-section-height-default elementor-section-height-default\" data-id=\"233f27e\" data-element_type=\"section\" data-e-type=\"section\">\n\t\t\t\t\t\t<div class=\"elementor-container elementor-column-gap-no\">\n\t\t\t\t\t<div class=\"elementor-column elementor-col-33 elementor-inner-column elementor-element elementor-element-102b176\" data-id=\"102b176\" data-element_type=\"column\" data-e-type=\"column\">\n\t\t\t<div class=\"elementor-widget-wrap elementor-element-populated\">\n\t\t\t\t\t\t<div class=\"elementor-element elementor-element-09e8dc7 elementor-position-top elementor-widget elementor-widget-image-box\" data-id=\"09e8dc7\" data-element_type=\"widget\" data-e-type=\"widget\" data-widget_type=\"image-box.default\">\n\t\t\t\t<div class=\"elementor-widget-container\">\n\t\t\t\t\t<div class=\"elementor-image-box-wrapper\"><figure class=\"elementor-image-box-img\"><a href=\"#\" tabindex=\"-1\"><img loading=\"lazy\" decoding=\"async\" width=\"800\" height=\"800\" src=\"https:\/\/pesg.pt\/wp-content\/uploads\/2023\/09\/seguro-cacador-e-porte-de-arma-pesg.jpeg\" class=\"attachment-full size-full wp-image-1484\" alt=\"seguro-cacador-e-porte-de-arma-pesg\" srcset=\"https:\/\/pesg.pt\/wp-content\/uploads\/2023\/09\/seguro-cacador-e-porte-de-arma-pesg.jpeg 800w, https:\/\/pesg.pt\/wp-content\/uploads\/2023\/09\/seguro-cacador-e-porte-de-arma-pesg-300x300.jpeg 300w, https:\/\/pesg.pt\/wp-content\/uploads\/2023\/09\/seguro-cacador-e-porte-de-arma-pesg-150x150.jpeg 150w, https:\/\/pesg.pt\/wp-content\/uploads\/2023\/09\/seguro-cacador-e-porte-de-arma-pesg-768x768.jpeg 768w, https:\/\/pesg.pt\/wp-content\/uploads\/2023\/09\/seguro-cacador-e-porte-de-arma-pesg-600x600.jpeg 600w\" sizes=\"(max-width: 800px) 100vw, 800px\" \/><\/a><\/figure><div class=\"elementor-image-box-content\"><h4 class=\"elementor-image-box-title\"><a href=\"#\">Ca\u00e7ador e Porte de Arma<\/a><\/h4><p class=\"elementor-image-box-description\">O seguro de ca\u00e7ador e porte de arma, \u00e9 uma prote\u00e7\u00e3o essencial para aqueles que praticam a atividade de ca\u00e7a ou t\u00eam uma arma de fogo. Ele oferece cobertura espec\u00edfica para os riscos associados a essa pr\u00e1tica, garantindo a seguran\u00e7a do ca\u00e7ador e protegendo-o em caso de imprevistos.<\/p><\/div><\/div>\t\t\t\t<\/div>\n\t\t\t\t<\/div>\n\t\t\t\t<div class=\"elementor-element elementor-element-14a8461 elementor-align-center elementor-mobile-align-center elementor-widget elementor-widget-button\" data-id=\"14a8461\" data-element_type=\"widget\" data-e-type=\"widget\" data-widget_type=\"button.default\">\n\t\t\t\t<div class=\"elementor-widget-container\">\n\t\t\t\t\t\t\t\t\t<div class=\"elementor-button-wrapper\">\n\t\t\t\t\t<a class=\"elementor-button elementor-button-link elementor-size-sm\" href=\"https:\/\/pesg.pt\/seguros\/seguro-de-cacador-e-porte-de-arma-particular\/\">\n\t\t\t\t\t\t<span class=\"elementor-button-content-wrapper\">\n\t\t\t\t\t\t\t\t\t<span class=\"elementor-button-text\">Saber mais<\/span>\n\t\t\t\t\t<\/span>\n\t\t\t\t\t<\/a>\n\t\t\t\t<\/div>\n\t\t\t\t\t\t\t\t<\/div>\n\t\t\t\t<\/div>\n\t\t\t\t\t<\/div>\n\t\t<\/div>\n\t\t\t\t<div class=\"elementor-column elementor-col-33 elementor-inner-column elementor-element elementor-element-1dc8da0\" data-id=\"1dc8da0\" data-element_type=\"column\" data-e-type=\"column\">\n\t\t\t<div class=\"elementor-widget-wrap\">\n\t\t\t\t\t\t\t<\/div>\n\t\t<\/div>\n\t\t\t\t<div class=\"elementor-column elementor-col-33 elementor-inner-column elementor-element elementor-element-437240e\" data-id=\"437240e\" data-element_type=\"column\" data-e-type=\"column\">\n\t\t\t<div class=\"elementor-widget-wrap\">\n\t\t\t\t\t\t\t<\/div>\n\t\t<\/div>\n\t\t\t\t\t<\/div>\n\t\t<\/section>\n\t\t\t\t\t<\/div>\n\t\t<\/div>\n\t\t\t\t\t<\/div>\n\t\t<\/section>\n\t\t\t\t<section class=\"elementor-section elementor-top-section elementor-element elementor-element-ac969d6 elementor-section-full_width elementor-section-height-default elementor-section-height-default\" data-id=\"ac969d6\" data-element_type=\"section\" data-e-type=\"section\" id=\"empresas\">\n\t\t\t\t\t\t<div class=\"elementor-container elementor-column-gap-no\">\n\t\t\t\t\t<div class=\"elementor-column elementor-col-100 elementor-top-column elementor-element elementor-element-0592bf5\" data-id=\"0592bf5\" data-element_type=\"column\" data-e-type=\"column\">\n\t\t\t<div class=\"elementor-widget-wrap elementor-element-populated\">\n\t\t\t\t\t\t<div class=\"elementor-element elementor-element-97f18e7 elementor-widget elementor-widget-heading\" data-id=\"97f18e7\" data-element_type=\"widget\" data-e-type=\"widget\" data-widget_type=\"heading.default\">\n\t\t\t\t<div class=\"elementor-widget-container\">\n\t\t\t\t\t<h3 class=\"elementor-heading-title elementor-size-default\">Seguros para Empresas<\/h3>\t\t\t\t<\/div>\n\t\t\t\t<\/div>\n\t\t\t\t<div class=\"elementor-element elementor-element-b660b44 elementor-widget elementor-widget-heading\" data-id=\"b660b44\" data-element_type=\"widget\" data-e-type=\"widget\" data-widget_type=\"heading.default\">\n\t\t\t\t<div class=\"elementor-widget-container\">\n\t\t\t\t\t<p class=\"elementor-heading-title elementor-size-default\">Protegendo o seu neg\u00f3cio, impulsionando o seu sucesso!<\/p>\t\t\t\t<\/div>\n\t\t\t\t<\/div>\n\t\t\t\t<section class=\"elementor-section elementor-inner-section elementor-element elementor-element-4a423cd elementor-section-full_width elementor-section-height-default elementor-section-height-default\" data-id=\"4a423cd\" data-element_type=\"section\" data-e-type=\"section\">\n\t\t\t\t\t\t<div class=\"elementor-container elementor-column-gap-no\">\n\t\t\t\t\t<div class=\"elementor-column elementor-col-33 elementor-inner-column elementor-element elementor-element-1363d5e\" data-id=\"1363d5e\" data-element_type=\"column\" data-e-type=\"column\">\n\t\t\t<div class=\"elementor-widget-wrap elementor-element-populated\">\n\t\t\t\t\t\t<div class=\"elementor-element elementor-element-4018e73 elementor-position-top elementor-widget elementor-widget-image-box\" data-id=\"4018e73\" data-element_type=\"widget\" data-e-type=\"widget\" data-widget_type=\"image-box.default\">\n\t\t\t\t<div class=\"elementor-widget-container\">\n\t\t\t\t\t<div class=\"elementor-image-box-wrapper\"><figure class=\"elementor-image-box-img\"><a href=\"#\" tabindex=\"-1\"><img loading=\"lazy\" decoding=\"async\" width=\"800\" height=\"800\" src=\"https:\/\/pesg.pt\/wp-content\/uploads\/2023\/09\/seguro-vida-empresa-pesg.jpeg\" class=\"attachment-full size-full wp-image-1488\" alt=\"seguro-vida-empresa-pesg\" srcset=\"https:\/\/pesg.pt\/wp-content\/uploads\/2023\/09\/seguro-vida-empresa-pesg.jpeg 800w, https:\/\/pesg.pt\/wp-content\/uploads\/2023\/09\/seguro-vida-empresa-pesg-300x300.jpeg 300w, https:\/\/pesg.pt\/wp-content\/uploads\/2023\/09\/seguro-vida-empresa-pesg-150x150.jpeg 150w, https:\/\/pesg.pt\/wp-content\/uploads\/2023\/09\/seguro-vida-empresa-pesg-768x768.jpeg 768w, https:\/\/pesg.pt\/wp-content\/uploads\/2023\/09\/seguro-vida-empresa-pesg-600x600.jpeg 600w\" sizes=\"(max-width: 800px) 100vw, 800px\" \/><\/a><\/figure><div class=\"elementor-image-box-content\"><h4 class=\"elementor-image-box-title\"><a href=\"#\">Vida<\/a><\/h4><p class=\"elementor-image-box-description\">O seguro de vida na sua empresa, pode ser uma prote\u00e7\u00e3o essencial para garantir a seguran\u00e7a financeira dos seus colaboradores e das fam\u00edlias destes. Ele oferece cobertura em caso de falecimento de um colaborador, proporcionando apoio financeiro aos benefici\u00e1rios designados.<\/p><\/div><\/div>\t\t\t\t<\/div>\n\t\t\t\t<\/div>\n\t\t\t\t<div class=\"elementor-element elementor-element-cb48c93 elementor-align-center elementor-mobile-align-center elementor-widget elementor-widget-button\" data-id=\"cb48c93\" data-element_type=\"widget\" data-e-type=\"widget\" data-widget_type=\"button.default\">\n\t\t\t\t<div class=\"elementor-widget-container\">\n\t\t\t\t\t\t\t\t\t<div class=\"elementor-button-wrapper\">\n\t\t\t\t\t<a class=\"elementor-button elementor-button-link elementor-size-sm\" href=\"https:\/\/pesg.pt\/seguros\/seguro-vida-empresa\/\">\n\t\t\t\t\t\t<span class=\"elementor-button-content-wrapper\">\n\t\t\t\t\t\t\t\t\t<span class=\"elementor-button-text\">Saber mais<\/span>\n\t\t\t\t\t<\/span>\n\t\t\t\t\t<\/a>\n\t\t\t\t<\/div>\n\t\t\t\t\t\t\t\t<\/div>\n\t\t\t\t<\/div>\n\t\t\t\t\t<\/div>\n\t\t<\/div>\n\t\t\t\t<div class=\"elementor-column elementor-col-33 elementor-inner-column elementor-element elementor-element-c3dd22c\" data-id=\"c3dd22c\" data-element_type=\"column\" data-e-type=\"column\">\n\t\t\t<div class=\"elementor-widget-wrap elementor-element-populated\">\n\t\t\t\t\t\t<div class=\"elementor-element elementor-element-3910f3f elementor-position-top elementor-widget elementor-widget-image-box\" data-id=\"3910f3f\" data-element_type=\"widget\" data-e-type=\"widget\" data-widget_type=\"image-box.default\">\n\t\t\t\t<div class=\"elementor-widget-container\">\n\t\t\t\t\t<div class=\"elementor-image-box-wrapper\"><figure class=\"elementor-image-box-img\"><a href=\"#\" tabindex=\"-1\"><img loading=\"lazy\" decoding=\"async\" width=\"800\" height=\"800\" src=\"https:\/\/pesg.pt\/wp-content\/uploads\/2023\/09\/seguro-saude-empresa-pesg.jpeg\" class=\"attachment-full size-full wp-image-1492\" alt=\"seguro-saude-empresa-pesg\" srcset=\"https:\/\/pesg.pt\/wp-content\/uploads\/2023\/09\/seguro-saude-empresa-pesg.jpeg 800w, https:\/\/pesg.pt\/wp-content\/uploads\/2023\/09\/seguro-saude-empresa-pesg-300x300.jpeg 300w, https:\/\/pesg.pt\/wp-content\/uploads\/2023\/09\/seguro-saude-empresa-pesg-150x150.jpeg 150w, https:\/\/pesg.pt\/wp-content\/uploads\/2023\/09\/seguro-saude-empresa-pesg-768x768.jpeg 768w, https:\/\/pesg.pt\/wp-content\/uploads\/2023\/09\/seguro-saude-empresa-pesg-600x600.jpeg 600w\" sizes=\"(max-width: 800px) 100vw, 800px\" \/><\/a><\/figure><div class=\"elementor-image-box-content\"><h4 class=\"elementor-image-box-title\"><a href=\"#\">Sa\u00fade<\/a><\/h4><p class=\"elementor-image-box-description\">O seguro de sa\u00fade para empresas, \u00e9 uma solu\u00e7\u00e3o abrangente para cuidar da sa\u00fade e bem-estar dos colaboradores.<\/p><\/div><\/div>\t\t\t\t<\/div>\n\t\t\t\t<\/div>\n\t\t\t\t<div class=\"elementor-element elementor-element-c4cac30 elementor-align-center elementor-mobile-align-center elementor-widget elementor-widget-button\" data-id=\"c4cac30\" data-element_type=\"widget\" data-e-type=\"widget\" data-widget_type=\"button.default\">\n\t\t\t\t<div class=\"elementor-widget-container\">\n\t\t\t\t\t\t\t\t\t<div class=\"elementor-button-wrapper\">\n\t\t\t\t\t<a class=\"elementor-button elementor-button-link elementor-size-sm\" href=\"https:\/\/pesg.pt\/seguros\/seguro-saude-empresa\/\">\n\t\t\t\t\t\t<span class=\"elementor-button-content-wrapper\">\n\t\t\t\t\t\t\t\t\t<span class=\"elementor-button-text\">Saber mais<\/span>\n\t\t\t\t\t<\/span>\n\t\t\t\t\t<\/a>\n\t\t\t\t<\/div>\n\t\t\t\t\t\t\t\t<\/div>\n\t\t\t\t<\/div>\n\t\t\t\t\t<\/div>\n\t\t<\/div>\n\t\t\t\t<div class=\"elementor-column elementor-col-33 elementor-inner-column elementor-element elementor-element-7e87f8b\" data-id=\"7e87f8b\" data-element_type=\"column\" data-e-type=\"column\">\n\t\t\t<div class=\"elementor-widget-wrap elementor-element-populated\">\n\t\t\t\t\t\t<div class=\"elementor-element elementor-element-73bdd65 elementor-position-top elementor-widget elementor-widget-image-box\" data-id=\"73bdd65\" data-element_type=\"widget\" data-e-type=\"widget\" data-widget_type=\"image-box.default\">\n\t\t\t\t<div class=\"elementor-widget-container\">\n\t\t\t\t\t<div class=\"elementor-image-box-wrapper\"><figure class=\"elementor-image-box-img\"><a href=\"#\" tabindex=\"-1\"><img loading=\"lazy\" decoding=\"async\" width=\"800\" height=\"800\" src=\"https:\/\/pesg.pt\/wp-content\/uploads\/2023\/09\/seguro-acidentes-de-trabalho-pesg-1.jpeg\" class=\"attachment-full size-full wp-image-1494\" alt=\"seguro-acidentes-de-trabalho-pesg\" srcset=\"https:\/\/pesg.pt\/wp-content\/uploads\/2023\/09\/seguro-acidentes-de-trabalho-pesg-1.jpeg 800w, https:\/\/pesg.pt\/wp-content\/uploads\/2023\/09\/seguro-acidentes-de-trabalho-pesg-1-300x300.jpeg 300w, https:\/\/pesg.pt\/wp-content\/uploads\/2023\/09\/seguro-acidentes-de-trabalho-pesg-1-150x150.jpeg 150w, https:\/\/pesg.pt\/wp-content\/uploads\/2023\/09\/seguro-acidentes-de-trabalho-pesg-1-768x768.jpeg 768w, https:\/\/pesg.pt\/wp-content\/uploads\/2023\/09\/seguro-acidentes-de-trabalho-pesg-1-600x600.jpeg 600w\" sizes=\"(max-width: 800px) 100vw, 800px\" \/><\/a><\/figure><div class=\"elementor-image-box-content\"><h4 class=\"elementor-image-box-title\"><a href=\"#\">Acidentes de Trabalho<\/a><\/h4><p class=\"elementor-image-box-description\">O seguro de acidentes de trabalho para empresas, \u00e9 uma prote\u00e7\u00e3o fundamental para garantir a seguran\u00e7a e o bem-estar dos seus colaboradores.<\/p><\/div><\/div>\t\t\t\t<\/div>\n\t\t\t\t<\/div>\n\t\t\t\t<div class=\"elementor-element elementor-element-49a456c elementor-align-center elementor-mobile-align-center elementor-widget elementor-widget-button\" data-id=\"49a456c\" data-element_type=\"widget\" data-e-type=\"widget\" data-widget_type=\"button.default\">\n\t\t\t\t<div class=\"elementor-widget-container\">\n\t\t\t\t\t\t\t\t\t<div class=\"elementor-button-wrapper\">\n\t\t\t\t\t<a class=\"elementor-button elementor-button-link elementor-size-sm\" href=\"https:\/\/pesg.pt\/seguros\/seguro-acidentes-de-trabalho-empresa\/\">\n\t\t\t\t\t\t<span class=\"elementor-button-content-wrapper\">\n\t\t\t\t\t\t\t\t\t<span class=\"elementor-button-text\">Saber mais<\/span>\n\t\t\t\t\t<\/span>\n\t\t\t\t\t<\/a>\n\t\t\t\t<\/div>\n\t\t\t\t\t\t\t\t<\/div>\n\t\t\t\t<\/div>\n\t\t\t\t\t<\/div>\n\t\t<\/div>\n\t\t\t\t\t<\/div>\n\t\t<\/section>\n\t\t\t\t<section class=\"elementor-section elementor-inner-section elementor-element elementor-element-c34ee7f elementor-section-full_width elementor-section-height-default elementor-section-height-default\" data-id=\"c34ee7f\" data-element_type=\"section\" data-e-type=\"section\">\n\t\t\t\t\t\t<div class=\"elementor-container elementor-column-gap-no\">\n\t\t\t\t\t<div class=\"elementor-column elementor-col-33 elementor-inner-column elementor-element elementor-element-3e8b503\" data-id=\"3e8b503\" data-element_type=\"column\" data-e-type=\"column\">\n\t\t\t<div class=\"elementor-widget-wrap elementor-element-populated\">\n\t\t\t\t\t\t<div class=\"elementor-element elementor-element-0068b7e elementor-position-top elementor-widget elementor-widget-image-box\" data-id=\"0068b7e\" data-element_type=\"widget\" data-e-type=\"widget\" data-widget_type=\"image-box.default\">\n\t\t\t\t<div class=\"elementor-widget-container\">\n\t\t\t\t\t<div class=\"elementor-image-box-wrapper\"><figure class=\"elementor-image-box-img\"><a href=\"#\" tabindex=\"-1\"><img loading=\"lazy\" decoding=\"async\" width=\"800\" height=\"800\" src=\"https:\/\/pesg.pt\/wp-content\/uploads\/2023\/09\/seguro-plano-poupanca-reforma-empresa-pesg.jpeg\" class=\"attachment-full size-full wp-image-1498\" alt=\"seguro-plano-poupanca-reforma-empresa-pesg\" srcset=\"https:\/\/pesg.pt\/wp-content\/uploads\/2023\/09\/seguro-plano-poupanca-reforma-empresa-pesg.jpeg 800w, https:\/\/pesg.pt\/wp-content\/uploads\/2023\/09\/seguro-plano-poupanca-reforma-empresa-pesg-300x300.jpeg 300w, https:\/\/pesg.pt\/wp-content\/uploads\/2023\/09\/seguro-plano-poupanca-reforma-empresa-pesg-150x150.jpeg 150w, https:\/\/pesg.pt\/wp-content\/uploads\/2023\/09\/seguro-plano-poupanca-reforma-empresa-pesg-768x768.jpeg 768w, https:\/\/pesg.pt\/wp-content\/uploads\/2023\/09\/seguro-plano-poupanca-reforma-empresa-pesg-600x600.jpeg 600w\" sizes=\"(max-width: 800px) 100vw, 800px\" \/><\/a><\/figure><div class=\"elementor-image-box-content\"><h4 class=\"elementor-image-box-title\"><a href=\"#\">Plano Poupan\u00e7a e Reforma<\/a><\/h4><p class=\"elementor-image-box-description\">O plano de poupan\u00e7a reforma para empresas, \u00e9 uma solu\u00e7\u00e3o eficiente e vantajosa para auxiliar os colaboradores a prepararem-se financeiramente para a reforma. Ele oferece uma maneira estruturada de poupar e investir, visando acumular recursos ao longo dos anos e garantir uma renda complementar no fim da sua vida profissional.<\/p><\/div><\/div>\t\t\t\t<\/div>\n\t\t\t\t<\/div>\n\t\t\t\t<div class=\"elementor-element elementor-element-0cdbefd elementor-align-center elementor-mobile-align-center elementor-widget elementor-widget-button\" data-id=\"0cdbefd\" data-element_type=\"widget\" data-e-type=\"widget\" data-widget_type=\"button.default\">\n\t\t\t\t<div class=\"elementor-widget-container\">\n\t\t\t\t\t\t\t\t\t<div class=\"elementor-button-wrapper\">\n\t\t\t\t\t<a class=\"elementor-button elementor-button-link elementor-size-sm\" href=\"https:\/\/pesg.pt\/seguros\/plano-poupanca-e-reforma-empresa\/\">\n\t\t\t\t\t\t<span class=\"elementor-button-content-wrapper\">\n\t\t\t\t\t\t\t\t\t<span class=\"elementor-button-text\">Saber mais<\/span>\n\t\t\t\t\t<\/span>\n\t\t\t\t\t<\/a>\n\t\t\t\t<\/div>\n\t\t\t\t\t\t\t\t<\/div>\n\t\t\t\t<\/div>\n\t\t\t\t\t<\/div>\n\t\t<\/div>\n\t\t\t\t<div class=\"elementor-column elementor-col-33 elementor-inner-column elementor-element elementor-element-3066a94\" data-id=\"3066a94\" data-element_type=\"column\" data-e-type=\"column\">\n\t\t\t<div class=\"elementor-widget-wrap elementor-element-populated\">\n\t\t\t\t\t\t<div class=\"elementor-element elementor-element-c863fa4 elementor-position-top elementor-widget elementor-widget-image-box\" data-id=\"c863fa4\" data-element_type=\"widget\" data-e-type=\"widget\" data-widget_type=\"image-box.default\">\n\t\t\t\t<div class=\"elementor-widget-container\">\n\t\t\t\t\t<div class=\"elementor-image-box-wrapper\"><figure class=\"elementor-image-box-img\"><a href=\"#\" tabindex=\"-1\"><img loading=\"lazy\" decoding=\"async\" width=\"800\" height=\"800\" src=\"https:\/\/pesg.pt\/wp-content\/uploads\/2023\/09\/seguro-automovel-empresa-pesg.jpeg\" class=\"attachment-full size-full wp-image-1503\" alt=\"seguro-automovel-empresa-pesg\" srcset=\"https:\/\/pesg.pt\/wp-content\/uploads\/2023\/09\/seguro-automovel-empresa-pesg.jpeg 800w, https:\/\/pesg.pt\/wp-content\/uploads\/2023\/09\/seguro-automovel-empresa-pesg-300x300.jpeg 300w, https:\/\/pesg.pt\/wp-content\/uploads\/2023\/09\/seguro-automovel-empresa-pesg-150x150.jpeg 150w, https:\/\/pesg.pt\/wp-content\/uploads\/2023\/09\/seguro-automovel-empresa-pesg-768x768.jpeg 768w, https:\/\/pesg.pt\/wp-content\/uploads\/2023\/09\/seguro-automovel-empresa-pesg-600x600.jpeg 600w\" sizes=\"(max-width: 800px) 100vw, 800px\" \/><\/a><\/figure><div class=\"elementor-image-box-content\"><h4 class=\"elementor-image-box-title\"><a href=\"#\">Autom\u00f3vel<\/a><\/h4><p class=\"elementor-image-box-description\">O seguro autom\u00f3vel para empresas, \u00e9 uma prote\u00e7\u00e3o essencial para garantir a seguran\u00e7a e o bom funcionamento da frota de ve\u00edculos da sua empresa.<\/p><\/div><\/div>\t\t\t\t<\/div>\n\t\t\t\t<\/div>\n\t\t\t\t<div class=\"elementor-element elementor-element-8ac44ce elementor-align-center elementor-mobile-align-center elementor-widget elementor-widget-button\" data-id=\"8ac44ce\" data-element_type=\"widget\" data-e-type=\"widget\" data-widget_type=\"button.default\">\n\t\t\t\t<div class=\"elementor-widget-container\">\n\t\t\t\t\t\t\t\t\t<div class=\"elementor-button-wrapper\">\n\t\t\t\t\t<a class=\"elementor-button elementor-button-link elementor-size-sm\" href=\"https:\/\/pesg.pt\/seguros\/seguro-automovel-empresa\/\">\n\t\t\t\t\t\t<span class=\"elementor-button-content-wrapper\">\n\t\t\t\t\t\t\t\t\t<span class=\"elementor-button-text\">Saber mais<\/span>\n\t\t\t\t\t<\/span>\n\t\t\t\t\t<\/a>\n\t\t\t\t<\/div>\n\t\t\t\t\t\t\t\t<\/div>\n\t\t\t\t<\/div>\n\t\t\t\t\t<\/div>\n\t\t<\/div>\n\t\t\t\t<div class=\"elementor-column elementor-col-33 elementor-inner-column elementor-element elementor-element-f919b2e\" data-id=\"f919b2e\" data-element_type=\"column\" data-e-type=\"column\">\n\t\t\t<div class=\"elementor-widget-wrap elementor-element-populated\">\n\t\t\t\t\t\t<div class=\"elementor-element elementor-element-a0ccef2 elementor-position-top elementor-widget elementor-widget-image-box\" data-id=\"a0ccef2\" data-element_type=\"widget\" data-e-type=\"widget\" data-widget_type=\"image-box.default\">\n\t\t\t\t<div class=\"elementor-widget-container\">\n\t\t\t\t\t<div class=\"elementor-image-box-wrapper\"><figure class=\"elementor-image-box-img\"><a href=\"#\" tabindex=\"-1\"><img loading=\"lazy\" decoding=\"async\" width=\"800\" height=\"800\" src=\"https:\/\/pesg.pt\/wp-content\/uploads\/2023\/09\/seguro-condominio-empresa-pesg.jpeg\" class=\"attachment-full size-full wp-image-1511\" alt=\"seguro-condominio-empresa-pesg\" srcset=\"https:\/\/pesg.pt\/wp-content\/uploads\/2023\/09\/seguro-condominio-empresa-pesg.jpeg 800w, https:\/\/pesg.pt\/wp-content\/uploads\/2023\/09\/seguro-condominio-empresa-pesg-300x300.jpeg 300w, https:\/\/pesg.pt\/wp-content\/uploads\/2023\/09\/seguro-condominio-empresa-pesg-150x150.jpeg 150w, https:\/\/pesg.pt\/wp-content\/uploads\/2023\/09\/seguro-condominio-empresa-pesg-768x768.jpeg 768w, https:\/\/pesg.pt\/wp-content\/uploads\/2023\/09\/seguro-condominio-empresa-pesg-600x600.jpeg 600w\" sizes=\"(max-width: 800px) 100vw, 800px\" \/><\/a><\/figure><div class=\"elementor-image-box-content\"><h4 class=\"elementor-image-box-title\"><a href=\"#\">Condom\u00ednio<\/a><\/h4><p class=\"elementor-image-box-description\">O seguro de condom\u00ednio para empresas, \u00e9 uma prote\u00e7\u00e3o fundamental para garantir a seguran\u00e7a e a tranquilidade do condom\u00ednio no qual a sua empresa est\u00e1 localizada. Ele oferece cobertura abrangente para proteger o pr\u00e9dio, as \u00e1reas comuns e os bens do condom\u00ednio contra danos materiais, roubos, inc\u00eandios e outros tipos de imprevistos.<\/p><\/div><\/div>\t\t\t\t<\/div>\n\t\t\t\t<\/div>\n\t\t\t\t<div class=\"elementor-element elementor-element-1c4467a elementor-align-center elementor-mobile-align-center elementor-widget elementor-widget-button\" data-id=\"1c4467a\" data-element_type=\"widget\" data-e-type=\"widget\" data-widget_type=\"button.default\">\n\t\t\t\t<div class=\"elementor-widget-container\">\n\t\t\t\t\t\t\t\t\t<div class=\"elementor-button-wrapper\">\n\t\t\t\t\t<a class=\"elementor-button elementor-button-link elementor-size-sm\" href=\"https:\/\/pesg.pt\/seguros\/seguro-de-condominio-empresa\/\">\n\t\t\t\t\t\t<span class=\"elementor-button-content-wrapper\">\n\t\t\t\t\t\t\t\t\t<span class=\"elementor-button-text\">Saber mais<\/span>\n\t\t\t\t\t<\/span>\n\t\t\t\t\t<\/a>\n\t\t\t\t<\/div>\n\t\t\t\t\t\t\t\t<\/div>\n\t\t\t\t<\/div>\n\t\t\t\t\t<\/div>\n\t\t<\/div>\n\t\t\t\t\t<\/div>\n\t\t<\/section>\n\t\t\t\t<section class=\"elementor-section elementor-inner-section elementor-element elementor-element-31e6d86 elementor-section-full_width elementor-section-height-default elementor-section-height-default\" data-id=\"31e6d86\" data-element_type=\"section\" data-e-type=\"section\">\n\t\t\t\t\t\t<div class=\"elementor-container elementor-column-gap-no\">\n\t\t\t\t\t<div class=\"elementor-column elementor-col-33 elementor-inner-column elementor-element elementor-element-b04f39c\" data-id=\"b04f39c\" data-element_type=\"column\" data-e-type=\"column\">\n\t\t\t<div class=\"elementor-widget-wrap elementor-element-populated\">\n\t\t\t\t\t\t<div class=\"elementor-element elementor-element-09475f1 elementor-position-top elementor-widget elementor-widget-image-box\" data-id=\"09475f1\" data-element_type=\"widget\" data-e-type=\"widget\" data-widget_type=\"image-box.default\">\n\t\t\t\t<div class=\"elementor-widget-container\">\n\t\t\t\t\t<div class=\"elementor-image-box-wrapper\"><figure class=\"elementor-image-box-img\"><a href=\"#\" tabindex=\"-1\"><img loading=\"lazy\" decoding=\"async\" width=\"800\" height=\"800\" src=\"https:\/\/pesg.pt\/wp-content\/uploads\/2023\/09\/seguro-cyber-empresa-pesg.jpeg\" class=\"attachment-full size-full wp-image-1513\" alt=\"seguro-cyber-empresa-pesg\" srcset=\"https:\/\/pesg.pt\/wp-content\/uploads\/2023\/09\/seguro-cyber-empresa-pesg.jpeg 800w, https:\/\/pesg.pt\/wp-content\/uploads\/2023\/09\/seguro-cyber-empresa-pesg-300x300.jpeg 300w, https:\/\/pesg.pt\/wp-content\/uploads\/2023\/09\/seguro-cyber-empresa-pesg-150x150.jpeg 150w, https:\/\/pesg.pt\/wp-content\/uploads\/2023\/09\/seguro-cyber-empresa-pesg-768x768.jpeg 768w, https:\/\/pesg.pt\/wp-content\/uploads\/2023\/09\/seguro-cyber-empresa-pesg-600x600.jpeg 600w\" sizes=\"(max-width: 800px) 100vw, 800px\" \/><\/a><\/figure><div class=\"elementor-image-box-content\"><h4 class=\"elementor-image-box-title\"><a href=\"#\">Cyber<\/a><\/h4><p class=\"elementor-image-box-description\">O seguro cyber para empresas, \u00e9 uma prote\u00e7\u00e3o essencial para enfrentar os desafios e riscos crescentes do mundo digital. Ele oferece cobertura abrangente contra amea\u00e7as cibern\u00e9ticas, como ataques de hackers, roubo de dados, interrup\u00e7\u00e3o de servi\u00e7os, responsabilidade cibern\u00e9tica e outras viola\u00e7\u00f5es de seguran\u00e7a online.<\/p><\/div><\/div>\t\t\t\t<\/div>\n\t\t\t\t<\/div>\n\t\t\t\t<div class=\"elementor-element elementor-element-7a1b998 elementor-align-center elementor-mobile-align-center elementor-widget elementor-widget-button\" data-id=\"7a1b998\" data-element_type=\"widget\" data-e-type=\"widget\" data-widget_type=\"button.default\">\n\t\t\t\t<div class=\"elementor-widget-container\">\n\t\t\t\t\t\t\t\t\t<div class=\"elementor-button-wrapper\">\n\t\t\t\t\t<a class=\"elementor-button elementor-button-link elementor-size-sm\" href=\"https:\/\/pesg.pt\/seguros\/seguro-cyber-empresa\/\">\n\t\t\t\t\t\t<span class=\"elementor-button-content-wrapper\">\n\t\t\t\t\t\t\t\t\t<span class=\"elementor-button-text\">Saber mais<\/span>\n\t\t\t\t\t<\/span>\n\t\t\t\t\t<\/a>\n\t\t\t\t<\/div>\n\t\t\t\t\t\t\t\t<\/div>\n\t\t\t\t<\/div>\n\t\t\t\t\t<\/div>\n\t\t<\/div>\n\t\t\t\t<div class=\"elementor-column elementor-col-33 elementor-inner-column elementor-element elementor-element-5033984\" data-id=\"5033984\" data-element_type=\"column\" data-e-type=\"column\">\n\t\t\t<div class=\"elementor-widget-wrap elementor-element-populated\">\n\t\t\t\t\t\t<div class=\"elementor-element elementor-element-8b0c134 elementor-position-top elementor-widget elementor-widget-image-box\" data-id=\"8b0c134\" data-element_type=\"widget\" data-e-type=\"widget\" data-widget_type=\"image-box.default\">\n\t\t\t\t<div class=\"elementor-widget-container\">\n\t\t\t\t\t<div class=\"elementor-image-box-wrapper\"><figure class=\"elementor-image-box-img\"><a href=\"#\" tabindex=\"-1\"><img loading=\"lazy\" decoding=\"async\" width=\"800\" height=\"800\" src=\"https:\/\/pesg.pt\/wp-content\/uploads\/2023\/10\/seguro-de-avarias-de-equipamentos-empresa-pesg.jpeg\" class=\"attachment-full size-full wp-image-1521\" alt=\"seguro-de-avarias-de-equipamentos-empresa-pesg\" srcset=\"https:\/\/pesg.pt\/wp-content\/uploads\/2023\/10\/seguro-de-avarias-de-equipamentos-empresa-pesg.jpeg 800w, https:\/\/pesg.pt\/wp-content\/uploads\/2023\/10\/seguro-de-avarias-de-equipamentos-empresa-pesg-300x300.jpeg 300w, https:\/\/pesg.pt\/wp-content\/uploads\/2023\/10\/seguro-de-avarias-de-equipamentos-empresa-pesg-150x150.jpeg 150w, https:\/\/pesg.pt\/wp-content\/uploads\/2023\/10\/seguro-de-avarias-de-equipamentos-empresa-pesg-768x768.jpeg 768w, https:\/\/pesg.pt\/wp-content\/uploads\/2023\/10\/seguro-de-avarias-de-equipamentos-empresa-pesg-600x600.jpeg 600w\" sizes=\"(max-width: 800px) 100vw, 800px\" \/><\/a><\/figure><div class=\"elementor-image-box-content\"><h4 class=\"elementor-image-box-title\"><a href=\"#\">Avarias de Equipamentos<\/a><\/h4><p class=\"elementor-image-box-description\">O seguro de avarias de equipamentos para empresas, \u00e9 uma prote\u00e7\u00e3o essencial para garantir a continuidade das opera\u00e7\u00f5es da sua empresa em caso de danos ou falhas em equipamentos essenciais. Ele oferece cobertura abrangente para reparar ou substituir os equipamentos danificados, minimizando os impactos financeiros e operacionais causados por essas avarias.<\/p><\/div><\/div>\t\t\t\t<\/div>\n\t\t\t\t<\/div>\n\t\t\t\t<div class=\"elementor-element elementor-element-f6ae2a5 elementor-align-center elementor-mobile-align-center elementor-widget elementor-widget-button\" data-id=\"f6ae2a5\" data-element_type=\"widget\" data-e-type=\"widget\" data-widget_type=\"button.default\">\n\t\t\t\t<div class=\"elementor-widget-container\">\n\t\t\t\t\t\t\t\t\t<div class=\"elementor-button-wrapper\">\n\t\t\t\t\t<a class=\"elementor-button elementor-button-link elementor-size-sm\" href=\"https:\/\/pesg.pt\/seguros\/seguro-de-avarias-de-equipamentos-empresa\/\">\n\t\t\t\t\t\t<span class=\"elementor-button-content-wrapper\">\n\t\t\t\t\t\t\t\t\t<span class=\"elementor-button-text\">Saber mais<\/span>\n\t\t\t\t\t<\/span>\n\t\t\t\t\t<\/a>\n\t\t\t\t<\/div>\n\t\t\t\t\t\t\t\t<\/div>\n\t\t\t\t<\/div>\n\t\t\t\t\t<\/div>\n\t\t<\/div>\n\t\t\t\t<div class=\"elementor-column elementor-col-33 elementor-inner-column elementor-element elementor-element-2a9434a\" data-id=\"2a9434a\" data-element_type=\"column\" data-e-type=\"column\">\n\t\t\t<div class=\"elementor-widget-wrap elementor-element-populated\">\n\t\t\t\t\t\t<div class=\"elementor-element elementor-element-6170f17 elementor-position-top elementor-widget elementor-widget-image-box\" data-id=\"6170f17\" data-element_type=\"widget\" data-e-type=\"widget\" data-widget_type=\"image-box.default\">\n\t\t\t\t<div class=\"elementor-widget-container\">\n\t\t\t\t\t<div class=\"elementor-image-box-wrapper\"><figure class=\"elementor-image-box-img\"><a href=\"#\" tabindex=\"-1\"><img loading=\"lazy\" decoding=\"async\" width=\"800\" height=\"800\" src=\"https:\/\/pesg.pt\/wp-content\/uploads\/2023\/10\/responsabilidade-civil-pesg-seguros.jpeg\" class=\"attachment-full size-full wp-image-1611\" alt=\"responsabilidade-civil-pesg-seguros\" srcset=\"https:\/\/pesg.pt\/wp-content\/uploads\/2023\/10\/responsabilidade-civil-pesg-seguros.jpeg 800w, https:\/\/pesg.pt\/wp-content\/uploads\/2023\/10\/responsabilidade-civil-pesg-seguros-300x300.jpeg 300w, https:\/\/pesg.pt\/wp-content\/uploads\/2023\/10\/responsabilidade-civil-pesg-seguros-150x150.jpeg 150w, https:\/\/pesg.pt\/wp-content\/uploads\/2023\/10\/responsabilidade-civil-pesg-seguros-768x768.jpeg 768w, https:\/\/pesg.pt\/wp-content\/uploads\/2023\/10\/responsabilidade-civil-pesg-seguros-600x600.jpeg 600w\" sizes=\"(max-width: 800px) 100vw, 800px\" \/><\/a><\/figure><div class=\"elementor-image-box-content\"><h4 class=\"elementor-image-box-title\"><a href=\"#\">Responsabilidade Civil<\/a><\/h4><p class=\"elementor-image-box-description\">O seguro de responsabilidade civil para empresas, \u00e9 uma prote\u00e7\u00e3o fundamental para garantir a seguran\u00e7a financeira e jur\u00eddica do seu neg\u00f3cio. Ele oferece cobertura abrangente em casos de danos causados a terceiros durante a realiza\u00e7\u00e3o das atividades da sua empresa.<\/p><\/div><\/div>\t\t\t\t<\/div>\n\t\t\t\t<\/div>\n\t\t\t\t<div class=\"elementor-element elementor-element-f87bc36 elementor-align-center elementor-mobile-align-center elementor-widget elementor-widget-button\" data-id=\"f87bc36\" data-element_type=\"widget\" data-e-type=\"widget\" data-widget_type=\"button.default\">\n\t\t\t\t<div class=\"elementor-widget-container\">\n\t\t\t\t\t\t\t\t\t<div class=\"elementor-button-wrapper\">\n\t\t\t\t\t<a class=\"elementor-button elementor-button-link elementor-size-sm\" href=\"https:\/\/pesg.pt\/seguros\/seguro-responsabilidade-civil-empresa\/\">\n\t\t\t\t\t\t<span class=\"elementor-button-content-wrapper\">\n\t\t\t\t\t\t\t\t\t<span class=\"elementor-button-text\">Saber mais<\/span>\n\t\t\t\t\t<\/span>\n\t\t\t\t\t<\/a>\n\t\t\t\t<\/div>\n\t\t\t\t\t\t\t\t<\/div>\n\t\t\t\t<\/div>\n\t\t\t\t\t<\/div>\n\t\t<\/div>\n\t\t\t\t\t<\/div>\n\t\t<\/section>\n\t\t\t\t<section class=\"elementor-section elementor-inner-section elementor-element elementor-element-7bfbd42 elementor-section-full_width elementor-section-height-default elementor-section-height-default\" data-id=\"7bfbd42\" data-element_type=\"section\" data-e-type=\"section\">\n\t\t\t\t\t\t<div class=\"elementor-container elementor-column-gap-no\">\n\t\t\t\t\t<div class=\"elementor-column elementor-col-33 elementor-inner-column elementor-element elementor-element-13d9284\" data-id=\"13d9284\" data-element_type=\"column\" data-e-type=\"column\">\n\t\t\t<div class=\"elementor-widget-wrap elementor-element-populated\">\n\t\t\t\t\t\t<div class=\"elementor-element elementor-element-45dee65 elementor-position-top elementor-widget elementor-widget-image-box\" data-id=\"45dee65\" data-element_type=\"widget\" data-e-type=\"widget\" data-widget_type=\"image-box.default\">\n\t\t\t\t<div class=\"elementor-widget-container\">\n\t\t\t\t\t<div class=\"elementor-image-box-wrapper\"><figure class=\"elementor-image-box-img\"><a href=\"#\" tabindex=\"-1\"><img loading=\"lazy\" decoding=\"async\" width=\"800\" height=\"800\" src=\"https:\/\/pesg.pt\/wp-content\/uploads\/2023\/10\/responsabilidade-ambiental-pesg-seguros.jpeg\" class=\"attachment-full size-full wp-image-1616\" alt=\"responsabilidade-ambiental-pesg-seguros\" srcset=\"https:\/\/pesg.pt\/wp-content\/uploads\/2023\/10\/responsabilidade-ambiental-pesg-seguros.jpeg 800w, https:\/\/pesg.pt\/wp-content\/uploads\/2023\/10\/responsabilidade-ambiental-pesg-seguros-300x300.jpeg 300w, https:\/\/pesg.pt\/wp-content\/uploads\/2023\/10\/responsabilidade-ambiental-pesg-seguros-150x150.jpeg 150w, https:\/\/pesg.pt\/wp-content\/uploads\/2023\/10\/responsabilidade-ambiental-pesg-seguros-768x768.jpeg 768w, https:\/\/pesg.pt\/wp-content\/uploads\/2023\/10\/responsabilidade-ambiental-pesg-seguros-600x600.jpeg 600w\" sizes=\"(max-width: 800px) 100vw, 800px\" \/><\/a><\/figure><div class=\"elementor-image-box-content\"><h4 class=\"elementor-image-box-title\"><a href=\"#\">Responsabilidade Ambiental<\/a><\/h4><p class=\"elementor-image-box-description\">O seguro de responsabilidade ambiental para empresas, \u00e9 uma prote\u00e7\u00e3o fundamental para garantir a seguran\u00e7a financeira e jur\u00eddica do seu neg\u00f3cio em rela\u00e7\u00e3o a danos ao meio ambiente. Ele oferece prote\u00e7\u00e3o abrangente em casos de polui\u00e7\u00e3o, contamina\u00e7\u00e3o ou outros eventos que possam causar impactos ambientais.<\/p><\/div><\/div>\t\t\t\t<\/div>\n\t\t\t\t<\/div>\n\t\t\t\t<div class=\"elementor-element elementor-element-a02e11e elementor-align-center elementor-mobile-align-center elementor-widget elementor-widget-button\" data-id=\"a02e11e\" data-element_type=\"widget\" data-e-type=\"widget\" data-widget_type=\"button.default\">\n\t\t\t\t<div class=\"elementor-widget-container\">\n\t\t\t\t\t\t\t\t\t<div class=\"elementor-button-wrapper\">\n\t\t\t\t\t<a class=\"elementor-button elementor-button-link elementor-size-sm\" href=\"https:\/\/pesg.pt\/seguros\/seguro-responsabilidade-ambiental-empresa\/\">\n\t\t\t\t\t\t<span class=\"elementor-button-content-wrapper\">\n\t\t\t\t\t\t\t\t\t<span class=\"elementor-button-text\">Saber mais<\/span>\n\t\t\t\t\t<\/span>\n\t\t\t\t\t<\/a>\n\t\t\t\t<\/div>\n\t\t\t\t\t\t\t\t<\/div>\n\t\t\t\t<\/div>\n\t\t\t\t\t<\/div>\n\t\t<\/div>\n\t\t\t\t<div class=\"elementor-column elementor-col-33 elementor-inner-column elementor-element elementor-element-d3d3446\" data-id=\"d3d3446\" data-element_type=\"column\" data-e-type=\"column\">\n\t\t\t<div class=\"elementor-widget-wrap elementor-element-populated\">\n\t\t\t\t\t\t<div class=\"elementor-element elementor-element-aaff63b elementor-position-top elementor-widget elementor-widget-image-box\" data-id=\"aaff63b\" data-element_type=\"widget\" data-e-type=\"widget\" data-widget_type=\"image-box.default\">\n\t\t\t\t<div class=\"elementor-widget-container\">\n\t\t\t\t\t<div class=\"elementor-image-box-wrapper\"><figure class=\"elementor-image-box-img\"><a href=\"#\" tabindex=\"-1\"><img loading=\"lazy\" decoding=\"async\" width=\"800\" height=\"800\" src=\"https:\/\/pesg.pt\/wp-content\/uploads\/2023\/10\/multirriscos-empresarial-industrial-seguros-pesg.jpeg\" class=\"attachment-full size-full wp-image-1620\" alt=\"multirriscos-empresarial-industrial-seguros-pesg\" srcset=\"https:\/\/pesg.pt\/wp-content\/uploads\/2023\/10\/multirriscos-empresarial-industrial-seguros-pesg.jpeg 800w, https:\/\/pesg.pt\/wp-content\/uploads\/2023\/10\/multirriscos-empresarial-industrial-seguros-pesg-300x300.jpeg 300w, https:\/\/pesg.pt\/wp-content\/uploads\/2023\/10\/multirriscos-empresarial-industrial-seguros-pesg-150x150.jpeg 150w, https:\/\/pesg.pt\/wp-content\/uploads\/2023\/10\/multirriscos-empresarial-industrial-seguros-pesg-768x768.jpeg 768w, https:\/\/pesg.pt\/wp-content\/uploads\/2023\/10\/multirriscos-empresarial-industrial-seguros-pesg-600x600.jpeg 600w\" sizes=\"(max-width: 800px) 100vw, 800px\" \/><\/a><\/figure><div class=\"elementor-image-box-content\"><h4 class=\"elementor-image-box-title\"><a href=\"#\">Multirriscos Empresarial\/Industrial<\/a><\/h4><p class=\"elementor-image-box-description\">O seguro multirriscos empresarial \/ industrial, \u00e9 uma prote\u00e7\u00e3o abrangente que visa salvaguardar os ativos e a atividade da sua empresa contra uma variedade de riscos. Ele oferece cobertura para danos materiais, responsabilidade civil, perdas financeiras e outros eventos imprevistos que possam afetar o seu neg\u00f3cio.<\/p><\/div><\/div>\t\t\t\t<\/div>\n\t\t\t\t<\/div>\n\t\t\t\t<div class=\"elementor-element elementor-element-d4b1e15 elementor-align-center elementor-mobile-align-center elementor-widget elementor-widget-button\" data-id=\"d4b1e15\" data-element_type=\"widget\" data-e-type=\"widget\" data-widget_type=\"button.default\">\n\t\t\t\t<div class=\"elementor-widget-container\">\n\t\t\t\t\t\t\t\t\t<div class=\"elementor-button-wrapper\">\n\t\t\t\t\t<a class=\"elementor-button elementor-button-link elementor-size-sm\" href=\"https:\/\/pesg.pt\/seguros\/seguro-multirriscos-empresa\/\">\n\t\t\t\t\t\t<span class=\"elementor-button-content-wrapper\">\n\t\t\t\t\t\t\t\t\t<span class=\"elementor-button-text\">Saber mais<\/span>\n\t\t\t\t\t<\/span>\n\t\t\t\t\t<\/a>\n\t\t\t\t<\/div>\n\t\t\t\t\t\t\t\t<\/div>\n\t\t\t\t<\/div>\n\t\t\t\t\t<\/div>\n\t\t<\/div>\n\t\t\t\t<div class=\"elementor-column elementor-col-33 elementor-inner-column elementor-element elementor-element-1f3a0ac\" data-id=\"1f3a0ac\" data-element_type=\"column\" data-e-type=\"column\">\n\t\t\t<div class=\"elementor-widget-wrap elementor-element-populated\">\n\t\t\t\t\t\t<div class=\"elementor-element elementor-element-b11914f elementor-position-top elementor-widget elementor-widget-image-box\" data-id=\"b11914f\" data-element_type=\"widget\" data-e-type=\"widget\" data-widget_type=\"image-box.default\">\n\t\t\t\t<div class=\"elementor-widget-container\">\n\t\t\t\t\t<div class=\"elementor-image-box-wrapper\"><figure class=\"elementor-image-box-img\"><a href=\"#\" tabindex=\"-1\"><img loading=\"lazy\" decoding=\"async\" width=\"800\" height=\"800\" src=\"https:\/\/pesg.pt\/wp-content\/uploads\/2023\/10\/transportes-e-mercadorias-seguros-pesg.jpeg\" class=\"attachment-full size-full wp-image-1624\" alt=\"transportes-e-mercadorias-seguros-pesg\" srcset=\"https:\/\/pesg.pt\/wp-content\/uploads\/2023\/10\/transportes-e-mercadorias-seguros-pesg.jpeg 800w, https:\/\/pesg.pt\/wp-content\/uploads\/2023\/10\/transportes-e-mercadorias-seguros-pesg-300x300.jpeg 300w, https:\/\/pesg.pt\/wp-content\/uploads\/2023\/10\/transportes-e-mercadorias-seguros-pesg-150x150.jpeg 150w, https:\/\/pesg.pt\/wp-content\/uploads\/2023\/10\/transportes-e-mercadorias-seguros-pesg-768x768.jpeg 768w, https:\/\/pesg.pt\/wp-content\/uploads\/2023\/10\/transportes-e-mercadorias-seguros-pesg-600x600.jpeg 600w\" sizes=\"(max-width: 800px) 100vw, 800px\" \/><\/a><\/figure><div class=\"elementor-image-box-content\"><h4 class=\"elementor-image-box-title\"><a href=\"#\">Transportes de Mercadorias<\/a><\/h4><p class=\"elementor-image-box-description\">O seguro de transporte de mercadorias para empresas, \u00e9 uma prote\u00e7\u00e3o essencial para garantir a seguran\u00e7a e a integridade das mercadorias durante o seu transporte. Ele oferece cobertura abrangente contra danos, perdas ou extravios ocorridos durante o processo de transporte.<\/p><\/div><\/div>\t\t\t\t<\/div>\n\t\t\t\t<\/div>\n\t\t\t\t<div class=\"elementor-element elementor-element-ea18048 elementor-align-center elementor-mobile-align-center elementor-widget elementor-widget-button\" data-id=\"ea18048\" data-element_type=\"widget\" data-e-type=\"widget\" data-widget_type=\"button.default\">\n\t\t\t\t<div class=\"elementor-widget-container\">\n\t\t\t\t\t\t\t\t\t<div class=\"elementor-button-wrapper\">\n\t\t\t\t\t<a class=\"elementor-button elementor-button-link elementor-size-sm\" href=\"https:\/\/pesg.pt\/seguros\/seguro-transportes-de-mercadorias-empresa\/\">\n\t\t\t\t\t\t<span class=\"elementor-button-content-wrapper\">\n\t\t\t\t\t\t\t\t\t<span class=\"elementor-button-text\">Saber mais<\/span>\n\t\t\t\t\t<\/span>\n\t\t\t\t\t<\/a>\n\t\t\t\t<\/div>\n\t\t\t\t\t\t\t\t<\/div>\n\t\t\t\t<\/div>\n\t\t\t\t\t<\/div>\n\t\t<\/div>\n\t\t\t\t\t<\/div>\n\t\t<\/section>\n\t\t\t\t<section class=\"elementor-section elementor-inner-section elementor-element elementor-element-8e50cdd elementor-section-full_width elementor-section-height-default elementor-section-height-default\" data-id=\"8e50cdd\" data-element_type=\"section\" data-e-type=\"section\">\n\t\t\t\t\t\t<div class=\"elementor-container elementor-column-gap-no\">\n\t\t\t\t\t<div class=\"elementor-column elementor-col-33 elementor-inner-column elementor-element elementor-element-842ab70\" data-id=\"842ab70\" data-element_type=\"column\" data-e-type=\"column\">\n\t\t\t<div class=\"elementor-widget-wrap elementor-element-populated\">\n\t\t\t\t\t\t<div class=\"elementor-element elementor-element-43b8589 elementor-position-top elementor-widget elementor-widget-image-box\" data-id=\"43b8589\" data-element_type=\"widget\" data-e-type=\"widget\" data-widget_type=\"image-box.default\">\n\t\t\t\t<div class=\"elementor-widget-container\">\n\t\t\t\t\t<div class=\"elementor-image-box-wrapper\"><figure class=\"elementor-image-box-img\"><a href=\"#\" tabindex=\"-1\"><img loading=\"lazy\" decoding=\"async\" width=\"800\" height=\"800\" src=\"https:\/\/pesg.pt\/wp-content\/uploads\/2023\/10\/obras-e-montagens-seguros-pesg.jpeg\" class=\"attachment-full size-full wp-image-1628\" alt=\"obras-e-montagens-seguros-pesg\" srcset=\"https:\/\/pesg.pt\/wp-content\/uploads\/2023\/10\/obras-e-montagens-seguros-pesg.jpeg 800w, https:\/\/pesg.pt\/wp-content\/uploads\/2023\/10\/obras-e-montagens-seguros-pesg-300x300.jpeg 300w, https:\/\/pesg.pt\/wp-content\/uploads\/2023\/10\/obras-e-montagens-seguros-pesg-150x150.jpeg 150w, https:\/\/pesg.pt\/wp-content\/uploads\/2023\/10\/obras-e-montagens-seguros-pesg-768x768.jpeg 768w, https:\/\/pesg.pt\/wp-content\/uploads\/2023\/10\/obras-e-montagens-seguros-pesg-600x600.jpeg 600w\" sizes=\"(max-width: 800px) 100vw, 800px\" \/><\/a><\/figure><div class=\"elementor-image-box-content\"><h4 class=\"elementor-image-box-title\"><a href=\"#\">Obras e Montagens<\/a><\/h4><p class=\"elementor-image-box-description\">O seguro de obras e montagens para empresas, \u00e9 uma prote\u00e7\u00e3o essencial para garantir a seguran\u00e7a e a continuidade de projetos de constru\u00e7\u00e3o, instala\u00e7\u00e3o ou montagem. Ele oferece cobertura abrangente para danos materiais, responsabilidade civil e outros riscos associados a essas atividades.<\/p><\/div><\/div>\t\t\t\t<\/div>\n\t\t\t\t<\/div>\n\t\t\t\t<div class=\"elementor-element elementor-element-23f7d1c elementor-align-center elementor-mobile-align-center elementor-widget elementor-widget-button\" data-id=\"23f7d1c\" data-element_type=\"widget\" data-e-type=\"widget\" data-widget_type=\"button.default\">\n\t\t\t\t<div class=\"elementor-widget-container\">\n\t\t\t\t\t\t\t\t\t<div class=\"elementor-button-wrapper\">\n\t\t\t\t\t<a class=\"elementor-button elementor-button-link elementor-size-sm\" href=\"https:\/\/pesg.pt\/seguros\/seguro-de-obras-e-montagens-empresa\/\">\n\t\t\t\t\t\t<span class=\"elementor-button-content-wrapper\">\n\t\t\t\t\t\t\t\t\t<span class=\"elementor-button-text\">Saber mais<\/span>\n\t\t\t\t\t<\/span>\n\t\t\t\t\t<\/a>\n\t\t\t\t<\/div>\n\t\t\t\t\t\t\t\t<\/div>\n\t\t\t\t<\/div>\n\t\t\t\t\t<\/div>\n\t\t<\/div>\n\t\t\t\t<div class=\"elementor-column elementor-col-33 elementor-inner-column elementor-element elementor-element-31f2717\" data-id=\"31f2717\" data-element_type=\"column\" data-e-type=\"column\">\n\t\t\t<div class=\"elementor-widget-wrap elementor-element-populated\">\n\t\t\t\t\t\t<div class=\"elementor-element elementor-element-181e061 elementor-position-top elementor-widget elementor-widget-image-box\" data-id=\"181e061\" data-element_type=\"widget\" data-e-type=\"widget\" data-widget_type=\"image-box.default\">\n\t\t\t\t<div class=\"elementor-widget-container\">\n\t\t\t\t\t<div class=\"elementor-image-box-wrapper\"><figure class=\"elementor-image-box-img\"><a href=\"#\" tabindex=\"-1\"><img loading=\"lazy\" decoding=\"async\" width=\"800\" height=\"800\" src=\"https:\/\/pesg.pt\/wp-content\/uploads\/2023\/10\/credito-seguros-pesg.jpeg\" class=\"attachment-full size-full wp-image-1632\" alt=\"credito-seguros-pesg\" srcset=\"https:\/\/pesg.pt\/wp-content\/uploads\/2023\/10\/credito-seguros-pesg.jpeg 800w, https:\/\/pesg.pt\/wp-content\/uploads\/2023\/10\/credito-seguros-pesg-300x300.jpeg 300w, https:\/\/pesg.pt\/wp-content\/uploads\/2023\/10\/credito-seguros-pesg-150x150.jpeg 150w, https:\/\/pesg.pt\/wp-content\/uploads\/2023\/10\/credito-seguros-pesg-768x768.jpeg 768w, https:\/\/pesg.pt\/wp-content\/uploads\/2023\/10\/credito-seguros-pesg-600x600.jpeg 600w\" sizes=\"(max-width: 800px) 100vw, 800px\" \/><\/a><\/figure><div class=\"elementor-image-box-content\"><h4 class=\"elementor-image-box-title\"><a href=\"#\">Seguro de Cr\u00e9dito<\/a><\/h4><p class=\"elementor-image-box-description\">O seguro de cr\u00e9dito para empresas, \u00e9 um tipo de seguro que protege as empresas contra o risco de n\u00e3o receberem o pagamento por bens ou servi\u00e7os fornecidos a outras empresas. Ele atua como uma rede de seguran\u00e7a financeira, ajudando a minimizar o impacto de insolv\u00eancias de clientes.<\/p><\/div><\/div>\t\t\t\t<\/div>\n\t\t\t\t<\/div>\n\t\t\t\t<div class=\"elementor-element elementor-element-a4bb831 elementor-align-center elementor-mobile-align-center elementor-widget elementor-widget-button\" data-id=\"a4bb831\" data-element_type=\"widget\" data-e-type=\"widget\" data-widget_type=\"button.default\">\n\t\t\t\t<div class=\"elementor-widget-container\">\n\t\t\t\t\t\t\t\t\t<div class=\"elementor-button-wrapper\">\n\t\t\t\t\t<a class=\"elementor-button elementor-button-link elementor-size-sm\" href=\"https:\/\/pesg.pt\/seguros\/seguro-credito-empresa\/\">\n\t\t\t\t\t\t<span class=\"elementor-button-content-wrapper\">\n\t\t\t\t\t\t\t\t\t<span class=\"elementor-button-text\">Saber mais<\/span>\n\t\t\t\t\t<\/span>\n\t\t\t\t\t<\/a>\n\t\t\t\t<\/div>\n\t\t\t\t\t\t\t\t<\/div>\n\t\t\t\t<\/div>\n\t\t\t\t\t<\/div>\n\t\t<\/div>\n\t\t\t\t<div class=\"elementor-column elementor-col-33 elementor-inner-column elementor-element elementor-element-22c08f3\" data-id=\"22c08f3\" data-element_type=\"column\" data-e-type=\"column\">\n\t\t\t<div class=\"elementor-widget-wrap elementor-element-populated\">\n\t\t\t\t\t\t<div class=\"elementor-element elementor-element-a56e92f elementor-position-top elementor-widget elementor-widget-image-box\" data-id=\"a56e92f\" data-element_type=\"widget\" data-e-type=\"widget\" data-widget_type=\"image-box.default\">\n\t\t\t\t<div class=\"elementor-widget-container\">\n\t\t\t\t\t<div class=\"elementor-image-box-wrapper\"><figure class=\"elementor-image-box-img\"><a href=\"#\" tabindex=\"-1\"><img loading=\"lazy\" decoding=\"async\" width=\"800\" height=\"800\" src=\"https:\/\/pesg.pt\/wp-content\/uploads\/2023\/10\/caucao-seguros-pesg.jpeg\" class=\"attachment-full size-full wp-image-1636\" alt=\"caucao-seguros-pesg\" srcset=\"https:\/\/pesg.pt\/wp-content\/uploads\/2023\/10\/caucao-seguros-pesg.jpeg 800w, https:\/\/pesg.pt\/wp-content\/uploads\/2023\/10\/caucao-seguros-pesg-300x300.jpeg 300w, https:\/\/pesg.pt\/wp-content\/uploads\/2023\/10\/caucao-seguros-pesg-150x150.jpeg 150w, https:\/\/pesg.pt\/wp-content\/uploads\/2023\/10\/caucao-seguros-pesg-768x768.jpeg 768w, https:\/\/pesg.pt\/wp-content\/uploads\/2023\/10\/caucao-seguros-pesg-600x600.jpeg 600w\" sizes=\"(max-width: 800px) 100vw, 800px\" \/><\/a><\/figure><div class=\"elementor-image-box-content\"><h4 class=\"elementor-image-box-title\"><a href=\"#\">Seguro de Cau\u00e7\u00e3o<\/a><\/h4><p class=\"elementor-image-box-description\">O seguro de cau\u00e7\u00e3o para empresas, \u00e9 uma forma de prote\u00e7\u00e3o financeira que envolve tr\u00eas partes: o tomador (quem compra o seguro), o segurado (a parte que recebe a garantia) e a seguradora. Essencialmente, ele garante o cumprimento de obriga\u00e7\u00f5es financeiras ou contratuais por parte do tomador em favor do segurado.<\/p><\/div><\/div>\t\t\t\t<\/div>\n\t\t\t\t<\/div>\n\t\t\t\t<div class=\"elementor-element elementor-element-1115f72 elementor-align-center elementor-mobile-align-center elementor-widget elementor-widget-button\" data-id=\"1115f72\" data-element_type=\"widget\" data-e-type=\"widget\" data-widget_type=\"button.default\">\n\t\t\t\t<div class=\"elementor-widget-container\">\n\t\t\t\t\t\t\t\t\t<div class=\"elementor-button-wrapper\">\n\t\t\t\t\t<a class=\"elementor-button elementor-button-link elementor-size-sm\" href=\"https:\/\/pesg.pt\/seguros\/seguro-de-caucao-empresa\/\">\n\t\t\t\t\t\t<span class=\"elementor-button-content-wrapper\">\n\t\t\t\t\t\t\t\t\t<span class=\"elementor-button-text\">Saber mais<\/span>\n\t\t\t\t\t<\/span>\n\t\t\t\t\t<\/a>\n\t\t\t\t<\/div>\n\t\t\t\t\t\t\t\t<\/div>\n\t\t\t\t<\/div>\n\t\t\t\t\t<\/div>\n\t\t<\/div>\n\t\t\t\t\t<\/div>\n\t\t<\/section>\n\t\t\t\t\t<\/div>\n\t\t<\/div>\n\t\t\t\t\t<\/div>\n\t\t<\/section>\n\t\t\t\t<section class=\"elementor-section elementor-top-section elementor-element elementor-element-5224cc8 elementor-section-boxed elementor-section-height-default elementor-section-height-default\" data-id=\"5224cc8\" data-element_type=\"section\" data-e-type=\"section\" data-settings=\"{&quot;background_background&quot;:&quot;classic&quot;}\">\n\t\t\t\t\t\t<div class=\"elementor-container elementor-column-gap-default\">\n\t\t\t\t\t<div class=\"elementor-column elementor-col-100 elementor-top-column elementor-element elementor-element-507b977\" data-id=\"507b977\" data-element_type=\"column\" data-e-type=\"column\">\n\t\t\t<div class=\"elementor-widget-wrap elementor-element-populated\">\n\t\t\t\t\t\t<div class=\"elementor-element elementor-element-d6121ba elementor-widget elementor-widget-heading\" data-id=\"d6121ba\" data-element_type=\"widget\" data-e-type=\"widget\" id=\"form-seguros\" data-widget_type=\"heading.default\">\n\t\t\t\t<div class=\"elementor-widget-container\">\n\t\t\t\t\t<h2 class=\"elementor-heading-title elementor-size-default\">Contacte-nos<\/h2>\t\t\t\t<\/div>\n\t\t\t\t<\/div>\n\t\t\t\t\t<\/div>\n\t\t<\/div>\n\t\t\t\t\t<\/div>\n\t\t<\/section>\n\t\t\t\t<section class=\"elementor-section elementor-top-section elementor-element elementor-element-2608297 elementor-section-boxed elementor-section-height-default elementor-section-height-default\" data-id=\"2608297\" data-element_type=\"section\" data-e-type=\"section\">\n\t\t\t\t\t\t<div class=\"elementor-container elementor-column-gap-default\">\n\t\t\t\t\t<div class=\"elementor-column elementor-col-100 elementor-top-column elementor-element elementor-element-9618ca2\" data-id=\"9618ca2\" data-element_type=\"column\" data-e-type=\"column\">\n\t\t\t<div class=\"elementor-widget-wrap elementor-element-populated\">\n\t\t\t\t\t\t<div class=\"elementor-element elementor-element-ecc090b elementor-button-align-start elementor-widget elementor-widget-form\" data-id=\"ecc090b\" data-element_type=\"widget\" data-e-type=\"widget\" data-settings=\"{&quot;step_next_label&quot;:&quot;Next&quot;,&quot;step_previous_label&quot;:&quot;Anterior&quot;,&quot;button_width&quot;:&quot;100&quot;,&quot;step_type&quot;:&quot;number_text&quot;,&quot;step_icon_shape&quot;:&quot;circle&quot;}\" data-widget_type=\"form.default\">\n\t\t\t\t<div class=\"elementor-widget-container\">\n\t\t\t\t\t\t\t<form class=\"elementor-form\" method=\"post\" name=\"Vendas\" aria-label=\"Vendas\">\n\t\t\t<input type=\"hidden\" name=\"post_id\" value=\"195\"\/>\n\t\t\t<input type=\"hidden\" name=\"form_id\" value=\"ecc090b\"\/>\n\t\t\t<input type=\"hidden\" name=\"referer_title\" value=\"Seguros\" \/>\n\n\t\t\t\t\t\t\t<input type=\"hidden\" name=\"queried_id\" value=\"195\"\/>\n\t\t\t\n\t\t\t<div class=\"elementor-form-fields-wrapper elementor-labels-above\">\n\t\t\t\t\t\t\t\t<div class=\"elementor-field-type-text elementor-field-group elementor-column elementor-field-group-name elementor-col-50 elementor-field-required\">\n\t\t\t\t\t\t\t\t\t\t\t\t<label for=\"form-field-name\" class=\"elementor-field-label\">\n\t\t\t\t\t\t\t\tNome\t\t\t\t\t\t\t<\/label>\n\t\t\t\t\t\t\t\t\t\t\t\t\t\t<input size=\"1\" type=\"text\" name=\"form_fields[name]\" id=\"form-field-name\" class=\"elementor-field elementor-size-sm  elementor-field-textual\" placeholder=\"ex.: Jos\u00e9 Couto\" required=\"required\">\n\t\t\t\t\t\t\t\t\t\t\t<\/div>\n\t\t\t\t\t\t\t\t<div class=\"elementor-field-type-email elementor-field-group elementor-column elementor-field-group-email elementor-col-50 elementor-field-required\">\n\t\t\t\t\t\t\t\t\t\t\t\t<label for=\"form-field-email\" class=\"elementor-field-label\">\n\t\t\t\t\t\t\t\tEmail\t\t\t\t\t\t\t<\/label>\n\t\t\t\t\t\t\t\t\t\t\t\t\t\t<input size=\"1\" type=\"email\" name=\"form_fields[email]\" id=\"form-field-email\" class=\"elementor-field elementor-size-sm  elementor-field-textual\" placeholder=\"ex.: jose.couto@email.com\" required=\"required\">\n\t\t\t\t\t\t\t\t\t\t\t<\/div>\n\t\t\t\t\t\t\t\t<div class=\"elementor-field-type-textarea elementor-field-group elementor-column elementor-field-group-message elementor-col-100\">\n\t\t\t\t\t\t\t\t\t\t\t\t<label for=\"form-field-message\" class=\"elementor-field-label\">\n\t\t\t\t\t\t\t\tMensagem\t\t\t\t\t\t\t<\/label>\n\t\t\t\t\t\t<textarea class=\"elementor-field-textual elementor-field  elementor-size-sm\" name=\"form_fields[message]\" id=\"form-field-message\" rows=\"4\" placeholder=\"Escreva aqui o conte\u00fado da sua mensagem...\"><\/textarea>\t\t\t\t<\/div>\n\t\t\t\t\t\t\t\t<div class=\"elementor-field-group elementor-column elementor-field-type-submit elementor-col-100 e-form__buttons\">\n\t\t\t\t\t<button class=\"elementor-button elementor-size-md\" type=\"submit\">\n\t\t\t\t\t\t<span class=\"elementor-button-content-wrapper\">\n\t\t\t\t\t\t\t\t\t\t\t\t\t\t\t\t\t\t\t\t\t\t<span class=\"elementor-button-text\">Enviar<\/span>\n\t\t\t\t\t\t\t\t\t\t\t\t\t<\/span>\n\t\t\t\t\t<\/button>\n\t\t\t\t<\/div>\n\t\t\t<\/div>\n\t\t<\/form>\n\t\t\t\t\t\t<\/div>\n\t\t\t\t<\/div>\n\t\t\t\t\t<\/div>\n\t\t<\/div>\n\t\t\t\t\t<\/div>\n\t\t<\/section>\n\t\t\t\t<\/div>\n\t\t","protected":false},"excerpt":{"rendered":"<p>Seguros para Particulares Seguros para Empresas Seguros Bem-vindo \u00e0 nossa p\u00e1gina de seguros, onde proteger o que \u00e9 mais importante para si \u00e9 a nossa prioridade. No mundo imprevis\u00edvel em que vivemos, ter o seguro adequado \u00e9 essencial para garantir a seguran\u00e7a e tranquilidade da sua vida e do seu patrim\u00f3nio. Com anos de experi\u00eancia [&hellip;]<\/p>\n","protected":false},"author":2,"featured_media":0,"parent":0,"menu_order":0,"comment_status":"closed","ping_status":"closed","template":"elementor_header_footer","meta":{"inline_featured_image":false,"footnotes":""},"class_list":["post-195","page","type-page","status-publish","hentry","entry"],"_links":{"self":[{"href":"https:\/\/pesg.pt\/en\/wp-json\/wp\/v2\/pages\/195","targetHints":{"allow":["GET"]}}],"collection":[{"href":"https:\/\/pesg.pt\/en\/wp-json\/wp\/v2\/pages"}],"about":[{"href":"https:\/\/pesg.pt\/en\/wp-json\/wp\/v2\/types\/page"}],"author":[{"embeddable":true,"href":"https:\/\/pesg.pt\/en\/wp-json\/wp\/v2\/users\/2"}],"replies":[{"embeddable":true,"href":"https:\/\/pesg.pt\/en\/wp-json\/wp\/v2\/comments?post=195"}],"version-history":[{"count":405,"href":"https:\/\/pesg.pt\/en\/wp-json\/wp\/v2\/pages\/195\/revisions"}],"predecessor-version":[{"id":1974,"href":"https:\/\/pesg.pt\/en\/wp-json\/wp\/v2\/pages\/195\/revisions\/1974"}],"wp:attachment":[{"href":"https:\/\/pesg.pt\/en\/wp-json\/wp\/v2\/media?parent=195"}],"curies":[{"name":"wp","href":"https:\/\/api.w.org\/{rel}","templated":true}]}}